{"id":138,"date":"2023-06-23T15:17:43","date_gmt":"2023-06-23T15:17:43","guid":{"rendered":"http:\/\/igf-lusofonia.pt\/?page_id=138"},"modified":"2026-04-01T09:57:29","modified_gmt":"2026-04-01T09:57:29","slug":"sobre","status":"publish","type":"page","link":"https:\/\/igf-lusofonia.pt\/en\/sobre\/","title":{"rendered":"About"},"content":{"rendered":"\t\t<div data-elementor-type=\"wp-post\" data-elementor-id=\"138\" class=\"elementor elementor-138\" data-elementor-post-type=\"page\">\n\t\t\t\t\t\t<section class=\"elementor-section elementor-top-section elementor-element elementor-element-43378ce elementor-section-content-top elementor-section-boxed elementor-section-height-default elementor-section-height-default\" data-id=\"43378ce\" data-element_type=\"section\" data-e-type=\"section\" data-settings=\"{&quot;background_background&quot;:&quot;classic&quot;}\">\n\t\t\t\t\t\t<div class=\"elementor-container elementor-column-gap-no\">\n\t\t\t\t\t<div class=\"elementor-column elementor-col-50 elementor-top-column elementor-element elementor-element-6f38872\" data-id=\"6f38872\" data-element_type=\"column\" data-e-type=\"column\" data-settings=\"{&quot;background_background&quot;:&quot;classic&quot;}\">\n\t\t\t<div class=\"elementor-widget-wrap elementor-element-populated\">\n\t\t\t\t\t\t<div class=\"elementor-element elementor-element-10b420d elementor-widget elementor-widget-spacer\" data-id=\"10b420d\" data-element_type=\"widget\" data-e-type=\"widget\" data-widget_type=\"spacer.default\">\n\t\t\t\t<div class=\"elementor-widget-container\">\n\t\t\t\t\t\t\t<div class=\"elementor-spacer\">\n\t\t\t<div class=\"elementor-spacer-inner\"><\/div>\n\t\t<\/div>\n\t\t\t\t\t\t<\/div>\n\t\t\t\t<\/div>\n\t\t\t\t\t<\/div>\n\t\t<\/div>\n\t\t\t\t<div class=\"elementor-column elementor-col-50 elementor-top-column elementor-element elementor-element-fcf9e20\" data-id=\"fcf9e20\" data-element_type=\"column\" data-e-type=\"column\" data-settings=\"{&quot;background_background&quot;:&quot;classic&quot;}\">\n\t\t\t<div class=\"elementor-widget-wrap elementor-element-populated\">\n\t\t\t\t\t\t<div class=\"elementor-element elementor-element-b601f21 elementor-widget elementor-widget-spacer\" data-id=\"b601f21\" data-element_type=\"widget\" data-e-type=\"widget\" data-widget_type=\"spacer.default\">\n\t\t\t\t<div class=\"elementor-widget-container\">\n\t\t\t\t\t\t\t<div class=\"elementor-spacer\">\n\t\t\t<div class=\"elementor-spacer-inner\"><\/div>\n\t\t<\/div>\n\t\t\t\t\t\t<\/div>\n\t\t\t\t<\/div>\n\t\t\t\t<div class=\"elementor-element elementor-element-4a87da0 elementor-widget elementor-widget-heading\" data-id=\"4a87da0\" data-element_type=\"widget\" data-e-type=\"widget\" data-widget_type=\"heading.default\">\n\t\t\t\t<div class=\"elementor-widget-container\">\n\t\t\t\t\t<h1 class=\"elementor-heading-title elementor-size-default\">F\u00f3rum Lus\u00f3fono da Governa\u00e7\u00e3o da Internet<\/h1>\t\t\t\t<\/div>\n\t\t\t\t<\/div>\n\t\t\t\t<div class=\"elementor-element elementor-element-17d751d elementor-widget elementor-widget-spacer\" data-id=\"17d751d\" data-element_type=\"widget\" data-e-type=\"widget\" data-widget_type=\"spacer.default\">\n\t\t\t\t<div class=\"elementor-widget-container\">\n\t\t\t\t\t\t\t<div class=\"elementor-spacer\">\n\t\t\t<div class=\"elementor-spacer-inner\"><\/div>\n\t\t<\/div>\n\t\t\t\t\t\t<\/div>\n\t\t\t\t<\/div>\n\t\t\t\t<div class=\"elementor-element elementor-element-e8fc796 elementor-widget elementor-widget-text-editor\" data-id=\"e8fc796\" data-element_type=\"widget\" data-e-type=\"widget\" data-widget_type=\"text-editor.default\">\n\t\t\t\t<div class=\"elementor-widget-container\">\n\t\t\t\t\t\t\t\t\t<p class=\"desc\">Do nosso lugar falamos em portugu\u00eas. Nossa multiterritorialidade se expressa a partir de nossos espa\u00e7os em nossa l\u00edngua portuguesa, em todas as suas variantes. Espa\u00e7os de di\u00e1logos. Espa\u00e7os de encontros. Espa\u00e7os f\u00edsicos. Espa\u00e7os sociais. Ciberespa\u00e7os. Afirmamos nossos dom\u00ednios em portugu\u00eas. Expressamos nossos saberes e emo\u00e7\u00f5es em portugu\u00eas. Navegamos por nossa multiterritorialidade em portugu\u00eas. Nossa Internet fala portugu\u00eas.<\/p>\t\t\t\t\t\t\t\t<\/div>\n\t\t\t\t<\/div>\n\t\t\t\t\t<\/div>\n\t\t<\/div>\n\t\t\t\t\t<\/div>\n\t\t<\/section>\n\t\t\t\t<section class=\"elementor-section elementor-top-section elementor-element elementor-element-2d1d841 elementor-section-boxed elementor-section-height-default elementor-section-height-default\" data-id=\"2d1d841\" data-element_type=\"section\" data-e-type=\"section\" data-settings=\"{&quot;background_background&quot;:&quot;classic&quot;}\">\n\t\t\t\t\t\t<div class=\"elementor-container elementor-column-gap-default\">\n\t\t\t\t\t<div class=\"elementor-column elementor-col-100 elementor-top-column elementor-element elementor-element-8cb3a85\" data-id=\"8cb3a85\" data-element_type=\"column\" data-e-type=\"column\" data-settings=\"{&quot;background_background&quot;:&quot;classic&quot;}\">\n\t\t\t<div class=\"elementor-widget-wrap elementor-element-populated\">\n\t\t\t\t\t\t<div class=\"elementor-element elementor-element-f62feea elementor-widget elementor-widget-spacer\" data-id=\"f62feea\" data-element_type=\"widget\" data-e-type=\"widget\" data-widget_type=\"spacer.default\">\n\t\t\t\t<div class=\"elementor-widget-container\">\n\t\t\t\t\t\t\t<div class=\"elementor-spacer\">\n\t\t\t<div class=\"elementor-spacer-inner\"><\/div>\n\t\t<\/div>\n\t\t\t\t\t\t<\/div>\n\t\t\t\t<\/div>\n\t\t\t\t<div class=\"elementor-element elementor-element-edce8f2 elementor-widget elementor-widget-heading\" data-id=\"edce8f2\" data-element_type=\"widget\" data-e-type=\"widget\" data-widget_type=\"heading.default\">\n\t\t\t\t<div class=\"elementor-widget-container\">\n\t\t\t\t\t<h2 class=\"elementor-heading-title elementor-size-default\">SOBRE<\/h2>\t\t\t\t<\/div>\n\t\t\t\t<\/div>\n\t\t\t\t<div class=\"elementor-element elementor-element-d898898 elementor-widget elementor-widget-spacer\" data-id=\"d898898\" data-element_type=\"widget\" data-e-type=\"widget\" data-widget_type=\"spacer.default\">\n\t\t\t\t<div class=\"elementor-widget-container\">\n\t\t\t\t\t\t\t<div class=\"elementor-spacer\">\n\t\t\t<div class=\"elementor-spacer-inner\"><\/div>\n\t\t<\/div>\n\t\t\t\t\t\t<\/div>\n\t\t\t\t<\/div>\n\t\t\t\t<div class=\"elementor-element elementor-element-aa4c513 elementor-widget elementor-widget-text-editor\" data-id=\"aa4c513\" data-element_type=\"widget\" data-e-type=\"widget\" data-widget_type=\"text-editor.default\">\n\t\t\t\t<div class=\"elementor-widget-container\">\n\t\t\t\t\t\t\t\t\t<p>A constru\u00e7\u00e3o da Internet apresenta enormes desafios. \u00c9 condi\u00e7\u00e3o primeira que esses novos espa\u00e7os sejam democr\u00e1ticos, diversos, respeitem os direitos humanos e que sejam multil\u00edngues. Trilhar um caminho de respeito \u00e0s diferen\u00e7as, de supera\u00e7\u00e3o das desigualdades, de est\u00edmulo \u00e0 m\u00faltipla participa\u00e7\u00e3o, possibilitando o sonho de solidariedade org\u00e2nica ao que se comumente chama de Sociedade da Informa\u00e7\u00e3o: promovendo desenvolvimento sustent\u00e1vel e inclusivo e trabalhando para que o pr\u00f3prio caminho seja melhor para todos.<\/p>\t\t\t\t\t\t\t\t<\/div>\n\t\t\t\t<\/div>\n\t\t\t\t<div class=\"elementor-element elementor-element-fa5ffd1 elementor-widget elementor-widget-eael-adv-accordion\" data-id=\"fa5ffd1\" data-element_type=\"widget\" data-e-type=\"widget\" data-widget_type=\"eael-adv-accordion.default\">\n\t\t\t\t<div class=\"elementor-widget-container\">\n\t\t\t\t\t            <div class=\"eael-adv-accordion\" id=\"eael-adv-accordion-fa5ffd1\" data-scroll-on-click=\"no\" data-scroll-speed=\"300\" data-accordion-id=\"fa5ffd1\" data-accordion-type=\"accordion\" data-toogle-speed=\"50\">\n            <div class=\"eael-accordion-list\">\n\t\t\t\t\t<div id=\"cimeira-mundial-da-sociedade-da-informao-cmsi-\" class=\"elementor-tab-title eael-accordion-header\" tabindex=\"0\" data-tab=\"1\" aria-controls=\"elementor-tab-content-2621\"><span class=\"eael-accordion-tab-title\">Cimeira Mundial da Sociedade da Informa\u00e7\u00e3o (CMSI) <\/span><i aria-hidden=\"true\" class=\"fa-toggle fas fa-angle-right\"><\/i><\/div><div id=\"elementor-tab-content-2621\" class=\"eael-accordion-content clearfix\" data-tab=\"1\" aria-labelledby=\"cimeira-mundial-da-sociedade-da-informao-cmsi-\"><p>Os documentos adotados na <strong><em>Cimeira Mundial da Sociedade da Informa\u00e7\u00e3o (CMSI)<\/em><\/strong> destacam a import\u00e2ncia destes princ\u00edpios:<\/p><p>\u00a0<\/p><p><em>&#8220;A sociedade da Informa\u00e7\u00e3o \u00e9 intrinsecamente global em sua natureza, e os esfor\u00e7os nacionais devem ser amparados pela coopera\u00e7\u00e3o internacional e regional eficaz entre governos, setor privado, sociedade civil e outras partes interessadas, incluindo as institui\u00e7\u00f5es financeiras internacionais\u201d <\/em>(CMSI. Declara\u00e7\u00e3o de Princ\u00edpios de Genebra, par, 60)<\/p><\/div>\n\t\t\t\t\t<\/div><div class=\"eael-accordion-list\">\n\t\t\t\t\t<div id=\"desafios-inerentes-ao-desenvolvimento-da-internet\" class=\"elementor-tab-title eael-accordion-header\" tabindex=\"0\" data-tab=\"2\" aria-controls=\"elementor-tab-content-2622\"><span class=\"eael-accordion-tab-title\">Desafios inerentes ao desenvolvimento da Internet<\/span><i aria-hidden=\"true\" class=\"fa-toggle fas fa-angle-right\"><\/i><\/div><div id=\"elementor-tab-content-2622\" class=\"eael-accordion-content clearfix\" data-tab=\"2\" aria-labelledby=\"desafios-inerentes-ao-desenvolvimento-da-internet\"><p>Alinhamo-nos, ainda, aos <strong>desafios inerentes ao desenvolvimento da Internet<\/strong>, tamb\u00e9m expressos na CMSI:<\/p><p>\u00a0<\/p><p><em>&#8220;fortalecimento da solidariedade e da coopera\u00e7\u00e3o internacional voltada para permitir que todos os pa\u00edses [..] desenvolvam uma infraestrutura e servi\u00e7os baseados nas TIC que sejam vi\u00e1veis e competitivos nacional e internacionalmente&#8221; <\/em><\/p><p>(CMSI. Agenda de Tunis, artigo 18).<\/p><\/div>\n\t\t\t\t\t<\/div><div class=\"eael-accordion-list\">\n\t\t\t\t\t<div id=\"declarao-netmundial\" class=\"elementor-tab-title eael-accordion-header\" tabindex=\"0\" data-tab=\"3\" aria-controls=\"elementor-tab-content-2623\"><span class=\"eael-accordion-tab-title\">Declara\u00e7\u00e3o NETmundial<\/span><i aria-hidden=\"true\" class=\"fa-toggle fas fa-angle-right\"><\/i><\/div><div id=\"elementor-tab-content-2623\" class=\"eael-accordion-content clearfix\" data-tab=\"3\" aria-labelledby=\"declarao-netmundial\"><p>Apoiamos plataformas de discuss\u00e3o multissetoriais, como o F\u00f3rum de Governa\u00e7\u00e3o da Internet:<\/p><p>\u00a0<\/p><p><em>&#8220;Solicitamos ao Secret\u00e1rio-Geral da ONU que, em um processo aberto e inclusivo, convoque, no segundo trimestre de 2006, uma reuni\u00e3o do novo f\u00f3rum para um di\u00e1logo multissetorial sobre pol\u00edticas chamado F\u00f3rum de Governa\u00e7\u00e3o da Internet (IGF).&#8221;<\/em> (CMSI. Agenda de T\u00fanis. Artigo 72).<\/p><p>\u00a0<\/p><p>Sobretudo, perseguimos o imperativo esbo\u00e7ado pela <strong><em>Declara\u00e7\u00e3o NETmundial<\/em><\/strong>, em 2014, segundo a qual <em>&#8220;a governan\u00e7a da Internet deve respeitar, proteger e promover a diversidade cultural e lingu\u00edstica em todas as suas formas\u201d<\/em>.<\/p><\/div>\n\t\t\t\t\t<\/div><\/div>\t\t\t\t<\/div>\n\t\t\t\t<\/div>\n\t\t\t\t<div class=\"elementor-element elementor-element-5976a2e elementor-widget elementor-widget-text-editor\" data-id=\"5976a2e\" data-element_type=\"widget\" data-e-type=\"widget\" data-widget_type=\"text-editor.default\">\n\t\t\t\t<div class=\"elementor-widget-container\">\n\t\t\t\t\t\t\t\t\t<p>Reconhecemos, tamb\u00e9m, o papel que a Internet tem para o progresso econ\u00f3mico e social, especialmente dos pa\u00edses em desenvolvimento e dos pa\u00edses menos desenvolvidos, por ser uma fonte quase infinita de ferramentas capazes de auxiliar a busca e o alcance das Metas de Desenvolvimento Sustent\u00e1vel (Resolu\u00e7\u00e3o da Assembleia Geral das Na\u00e7\u00f5es Unidas A\/Res\/70\/1: \u201cTransforming our world: the 2030 Agenda for Sustainable Development&#8221;).<\/p>\t\t\t\t\t\t\t\t<\/div>\n\t\t\t\t<\/div>\n\t\t\t\t<div class=\"elementor-element elementor-element-72ef6c4 elementor-widget elementor-widget-spacer\" data-id=\"72ef6c4\" data-element_type=\"widget\" data-e-type=\"widget\" data-widget_type=\"spacer.default\">\n\t\t\t\t<div class=\"elementor-widget-container\">\n\t\t\t\t\t\t\t<div class=\"elementor-spacer\">\n\t\t\t<div class=\"elementor-spacer-inner\"><\/div>\n\t\t<\/div>\n\t\t\t\t\t\t<\/div>\n\t\t\t\t<\/div>\n\t\t\t\t\t<\/div>\n\t\t<\/div>\n\t\t\t\t\t<\/div>\n\t\t<\/section>\n\t\t\t\t<section class=\"elementor-section elementor-top-section elementor-element elementor-element-99774ed elementor-section-content-top elementor-section-boxed elementor-section-height-default elementor-section-height-default\" data-id=\"99774ed\" data-element_type=\"section\" data-e-type=\"section\" data-settings=\"{&quot;background_background&quot;:&quot;classic&quot;}\">\n\t\t\t\t\t\t<div class=\"elementor-container elementor-column-gap-no\">\n\t\t\t\t\t<div class=\"elementor-column elementor-col-50 elementor-top-column elementor-element elementor-element-db96628\" data-id=\"db96628\" data-element_type=\"column\" data-e-type=\"column\" data-settings=\"{&quot;background_background&quot;:&quot;classic&quot;}\">\n\t\t\t<div class=\"elementor-widget-wrap elementor-element-populated\">\n\t\t\t\t\t\t<div class=\"elementor-element elementor-element-f174936 elementor-widget elementor-widget-spacer\" data-id=\"f174936\" data-element_type=\"widget\" data-e-type=\"widget\" data-widget_type=\"spacer.default\">\n\t\t\t\t<div class=\"elementor-widget-container\">\n\t\t\t\t\t\t\t<div class=\"elementor-spacer\">\n\t\t\t<div class=\"elementor-spacer-inner\"><\/div>\n\t\t<\/div>\n\t\t\t\t\t\t<\/div>\n\t\t\t\t<\/div>\n\t\t\t\t\t<\/div>\n\t\t<\/div>\n\t\t\t\t<div class=\"elementor-column elementor-col-50 elementor-top-column elementor-element elementor-element-16fd267\" data-id=\"16fd267\" data-element_type=\"column\" data-e-type=\"column\" data-settings=\"{&quot;background_background&quot;:&quot;classic&quot;}\">\n\t\t\t<div class=\"elementor-widget-wrap elementor-element-populated\">\n\t\t\t\t\t\t<div class=\"elementor-element elementor-element-77bc892 elementor-widget elementor-widget-spacer\" data-id=\"77bc892\" data-element_type=\"widget\" data-e-type=\"widget\" data-widget_type=\"spacer.default\">\n\t\t\t\t<div class=\"elementor-widget-container\">\n\t\t\t\t\t\t\t<div class=\"elementor-spacer\">\n\t\t\t<div class=\"elementor-spacer-inner\"><\/div>\n\t\t<\/div>\n\t\t\t\t\t\t<\/div>\n\t\t\t\t<\/div>\n\t\t\t\t<div class=\"elementor-element elementor-element-dabc670 elementor-widget elementor-widget-heading\" data-id=\"dabc670\" data-element_type=\"widget\" data-e-type=\"widget\" data-widget_type=\"heading.default\">\n\t\t\t\t<div class=\"elementor-widget-container\">\n\t\t\t\t\t<h2 class=\"elementor-heading-title elementor-size-default\">EDI\u00c7\u00d5ES<\/h2>\t\t\t\t<\/div>\n\t\t\t\t<\/div>\n\t\t\t\t<div class=\"elementor-element elementor-element-981767a elementor-widget elementor-widget-spacer\" data-id=\"981767a\" data-element_type=\"widget\" data-e-type=\"widget\" data-widget_type=\"spacer.default\">\n\t\t\t\t<div class=\"elementor-widget-container\">\n\t\t\t\t\t\t\t<div class=\"elementor-spacer\">\n\t\t\t<div class=\"elementor-spacer-inner\"><\/div>\n\t\t<\/div>\n\t\t\t\t\t\t<\/div>\n\t\t\t\t<\/div>\n\t\t\t\t<div class=\"elementor-element elementor-element-a528dbc elementor-widget elementor-widget-text-editor\" data-id=\"a528dbc\" data-element_type=\"widget\" data-e-type=\"widget\" data-widget_type=\"text-editor.default\">\n\t\t\t\t<div class=\"elementor-widget-container\">\n\t\t\t\t\t\t\t\t\t<p class=\"desc\">Esta iniciativa foi no \u00e2mbito do IGF que reuniu pa\u00edses ligados pelo idioma, para al\u00e9m dos limites geogr\u00e1ficos. Junt\u00e1mo-nos neste grupo e convid\u00e1mos outros a reunirem-se para articular e organizar o F\u00f3rum de Governa\u00e7\u00e3o da Internet da Comunidade Lus\u00f3fona, mantendo-nos como uma iniciativa multissetorial: organiza\u00e7\u00f5es empresariais, organiza\u00e7\u00f5es de defesa de direitos, organiza\u00e7\u00f5es governamentais, agentes reguladores, formuladores de pol\u00edticas p\u00fablicas, comunidade t\u00e9cnica, acad\u00e9micos e cientistas, consumidores e utilizadores em geral da Internet em L\u00edngua Portuguesa. Todos, em p\u00e9 de igualdade, envolvidos no di\u00e1logo sobre as interfaces \u00e9tnico-culturais e t\u00e9cnico-instrumentais de uma Internet que fala L\u00edngua Portuguesa.<\/p>\t\t\t\t\t\t\t\t<\/div>\n\t\t\t\t<\/div>\n\t\t\t\t<div class=\"elementor-element elementor-element-8436c41 elementor-widget elementor-widget-text-editor\" data-id=\"8436c41\" data-element_type=\"widget\" data-e-type=\"widget\" data-widget_type=\"text-editor.default\">\n\t\t\t\t<div class=\"elementor-widget-container\">\n\t\t\t\t\t\t\t\t\t<p>Com o intuito de difundir, aprofundar e qualificar a pr\u00e1tica do multissetorialismo buscamos incentivar representantes dos diversos setores e pa\u00edses a acompanharem e opinarem, partilharem particularidades e constru\u00edrem entendimentos comuns, sobre quest\u00f5es e solu\u00e7\u00f5es para a consolida\u00e7\u00e3o e expans\u00e3o de uma Internet diversa, universal, inovadora, que expresse os princ\u00edpios da liberdade, da privacidade e dos direitos humanos nos pa\u00edses Lus\u00f3fonos. E, principalmente, a trabalharem em prol da coordena\u00e7\u00e3o de esfor\u00e7os individuais da comunidade pol\u00edtica de cada um desses pa\u00edses em sua inser\u00e7\u00e3o no \u00e2mbito do IGF global.<\/p>\t\t\t\t\t\t\t\t<\/div>\n\t\t\t\t<\/div>\n\t\t\t\t<div class=\"elementor-element elementor-element-c140e29 elementor-widget elementor-widget-spacer\" data-id=\"c140e29\" data-element_type=\"widget\" data-e-type=\"widget\" data-widget_type=\"spacer.default\">\n\t\t\t\t<div class=\"elementor-widget-container\">\n\t\t\t\t\t\t\t<div class=\"elementor-spacer\">\n\t\t\t<div class=\"elementor-spacer-inner\"><\/div>\n\t\t<\/div>\n\t\t\t\t\t\t<\/div>\n\t\t\t\t<\/div>\n\t\t\t\t\t<\/div>\n\t\t<\/div>\n\t\t\t\t\t<\/div>\n\t\t<\/section>\n\t\t\t\t<section class=\"elementor-section elementor-top-section elementor-element elementor-element-3881b7e elementor-section-boxed elementor-section-height-default elementor-section-height-default\" data-id=\"3881b7e\" data-element_type=\"section\" data-e-type=\"section\">\n\t\t\t\t\t\t<div class=\"elementor-container elementor-column-gap-default\">\n\t\t\t\t\t<div class=\"elementor-column elementor-col-100 elementor-top-column elementor-element elementor-element-c3fc33d\" data-id=\"c3fc33d\" data-element_type=\"column\" data-e-type=\"column\">\n\t\t\t<div class=\"elementor-widget-wrap elementor-element-populated\">\n\t\t\t\t\t\t<div class=\"elementor-element elementor-element-63ccf73 elementor-widget elementor-widget-spacer\" data-id=\"63ccf73\" data-element_type=\"widget\" data-e-type=\"widget\" data-widget_type=\"spacer.default\">\n\t\t\t\t<div class=\"elementor-widget-container\">\n\t\t\t\t\t\t\t<div class=\"elementor-spacer\">\n\t\t\t<div class=\"elementor-spacer-inner\"><\/div>\n\t\t<\/div>\n\t\t\t\t\t\t<\/div>\n\t\t\t\t<\/div>\n\t\t\t\t\t<\/div>\n\t\t<\/div>\n\t\t\t\t\t<\/div>\n\t\t<\/section>\n\t\t\t\t<section class=\"elementor-section elementor-top-section elementor-element elementor-element-2287775 elementor-section-boxed elementor-section-height-default elementor-section-height-default\" data-id=\"2287775\" data-element_type=\"section\" data-e-type=\"section\">\n\t\t\t\t\t\t<div class=\"elementor-container elementor-column-gap-default\">\n\t\t\t\t\t<div class=\"elementor-column elementor-col-100 elementor-top-column elementor-element elementor-element-3aa44e1\" data-id=\"3aa44e1\" data-element_type=\"column\" data-e-type=\"column\">\n\t\t\t<div class=\"elementor-widget-wrap elementor-element-populated\">\n\t\t\t\t\t\t<div class=\"elementor-element elementor-element-c6fe5db elementor-widget elementor-widget-text-editor\" data-id=\"c6fe5db\" data-element_type=\"widget\" data-e-type=\"widget\" data-widget_type=\"text-editor.default\">\n\t\t\t\t<div class=\"elementor-widget-container\">\n\t\t\t\t\t\t\t\t\t<p>Organizadores:<\/p>\t\t\t\t\t\t\t\t<\/div>\n\t\t\t\t<\/div>\n\t\t\t\t<div class=\"elementor-element elementor-element-64a5e13 elementor-grid-5 elementor-grid-tablet-5 elementor-grid-mobile-3 elementor-widget elementor-widget-pp-logo-grid\" data-id=\"64a5e13\" data-element_type=\"widget\" data-e-type=\"widget\" data-widget_type=\"pp-logo-grid.default\">\n\t\t\t\t<div class=\"elementor-widget-container\">\n\t\t\t\t\t\t\t<div class=\"pp-logo-grid elementor-grid\">\n\t\t\t\t\t\t\t\t<div class=\"elementor-grid-item elementor-repeater-item-47199af\">\n\t\t\t\t\t\t<div class=\"pp-logo-wrap\">\n\t\t\t\t\t\t\t\t\t\t\t\t\t<a href=\"https:\/\/lusnic.org\/pt\/\">\n\t\t\t\t\t\t\t<img decoding=\"async\" src=\"https:\/\/igf-lusofonia.pt\/wp-content\/uploads\/2025\/09\/LusNIC.png\" alt=\"Logo associa\u00e7\u00e3o LusNIC\" \/>\t\t\t\t\t\t\t<\/a>\n\t\t\t\t\t\t\t\t\t\t\t\t\t<\/div>\n\t\t\t\t\t\t\t\t\t\t\t<\/div>\n\t\t\t\t\t\t\t\t\t\t<div class=\"elementor-grid-item elementor-repeater-item-e4090b6\">\n\t\t\t\t\t\t<div class=\"pp-logo-wrap\">\n\t\t\t\t\t\t\t\t\t\t\t\t\t<a href=\"https:\/\/www.infosi.gov.ao\/\" target=\"_blank\">\n\t\t\t\t\t\t\t<img decoding=\"async\" src=\"https:\/\/igf-lusofonia.pt\/wp-content\/uploads\/2026\/01\/Logo_INFOSI.png\" alt=\"Logo do Instituto Nacional de Fomento da Sociedade da Informa\u00e7\u00e3o\" \/>\t\t\t\t\t\t\t<\/a>\n\t\t\t\t\t\t\t\t\t\t\t\t\t<\/div>\n\t\t\t\t\t\t\t\t\t\t\t<\/div>\n\t\t\t\t\t\t\t\t\t\t<div class=\"elementor-grid-item elementor-repeater-item-75a0db9\">\n\t\t\t\t\t\t<div class=\"pp-logo-wrap\">\n\t\t\t\t\t\t\t\t\t\t\t\t\t<a href=\"https:\/\/www.pt.pt\/pt\/\" target=\"_blank\">\n\t\t\t\t\t\t\t<img decoding=\"async\" src=\"https:\/\/igf-lusofonia.pt\/wp-content\/uploads\/2024\/07\/00.png\" alt=\"Logo .PT\" \/>\t\t\t\t\t\t\t<\/a>\n\t\t\t\t\t\t\t\t\t\t\t\t\t<\/div>\n\t\t\t\t\t\t\t\t\t\t\t<\/div>\n\t\t\t\t\t\t\t\t\t\t<div class=\"elementor-grid-item elementor-repeater-item-2428662\">\n\t\t\t\t\t\t<div class=\"pp-logo-wrap\">\n\t\t\t\t\t\t\t\t\t\t\t\t\t<a href=\"https:\/\/www.nic.br\/\" target=\"_blank\">\n\t\t\t\t\t\t\t<img decoding=\"async\" src=\"https:\/\/igf-lusofonia.pt\/wp-content\/uploads\/2024\/07\/06.png\" alt=\"Logo NIC.br\" \/>\t\t\t\t\t\t\t<\/a>\n\t\t\t\t\t\t\t\t\t\t\t\t\t<\/div>\n\t\t\t\t\t\t\t\t\t\t\t<\/div>\n\t\t\t\t\t\t\t\t\t\t<div class=\"elementor-grid-item elementor-repeater-item-0c1c636\">\n\t\t\t\t\t\t<div class=\"pp-logo-wrap\">\n\t\t\t\t\t\t\t\t\t\t\t\t\t<a href=\"https:\/\/cgi.br\/\" target=\"_blank\">\n\t\t\t\t\t\t\t<img decoding=\"async\" src=\"https:\/\/igf-lusofonia.pt\/wp-content\/uploads\/2024\/07\/03.png\" alt=\"Logo CGI.br\" \/>\t\t\t\t\t\t\t<\/a>\n\t\t\t\t\t\t\t\t\t\t\t\t\t<\/div>\n\t\t\t\t\t\t\t\t\t\t\t<\/div>\n\t\t\t\t\t\t\t\t\t\t<div class=\"elementor-grid-item elementor-repeater-item-07661b6\">\n\t\t\t\t\t\t<div class=\"pp-logo-wrap\">\n\t\t\t\t\t\t\t\t\t\t\t\t\t<a href=\"https:\/\/www.anacom.pt\/\" target=\"_blank\">\n\t\t\t\t\t\t\t<img decoding=\"async\" src=\"https:\/\/igf-lusofonia.pt\/wp-content\/uploads\/2024\/07\/01.png\" alt=\"Logo ANACOM\" \/>\t\t\t\t\t\t\t<\/a>\n\t\t\t\t\t\t\t\t\t\t\t\t\t<\/div>\n\t\t\t\t\t\t\t\t\t\t\t<\/div>\n\t\t\t\t\t\t\t\t\t\t<div class=\"elementor-grid-item elementor-repeater-item-55958a6\">\n\t\t\t\t\t\t<div class=\"pp-logo-wrap\">\n\t\t\t\t\t\t\t\t\t\t\t\t\t<a href=\"https:\/\/www.arme.cv\/\" target=\"_blank\">\n\t\t\t\t\t\t\t<img decoding=\"async\" src=\"https:\/\/igf-lusofonia.pt\/wp-content\/uploads\/2024\/07\/02.png\" alt=\"Logo ARME\" \/>\t\t\t\t\t\t\t<\/a>\n\t\t\t\t\t\t\t\t\t\t\t\t\t<\/div>\n\t\t\t\t\t\t\t\t\t\t\t<\/div>\n\t\t\t\t\t\t\t\t\t\t<div class=\"elementor-grid-item elementor-repeater-item-6c2f9b9\">\n\t\t\t\t\t\t<div class=\"pp-logo-wrap\">\n\t\t\t\t\t\t\t\t\t\t\t\t\t<a href=\"https:\/\/www.fct.pt\/\" target=\"_blank\">\n\t\t\t\t\t\t\t<img decoding=\"async\" src=\"https:\/\/igf-lusofonia.pt\/wp-content\/uploads\/2024\/07\/logo_fct.png\" alt=\"Logo Funda\u00e7\u00e3o para a Ci\u00eancia e a Tecnologia\" \/>\t\t\t\t\t\t\t<\/a>\n\t\t\t\t\t\t\t\t\t\t\t\t\t<\/div>\n\t\t\t\t\t\t\t\t\t\t\t<\/div>\n\t\t\t\t\t\t\t\t\t\t<div class=\"elementor-grid-item elementor-repeater-item-f951973\">\n\t\t\t\t\t\t<div class=\"pp-logo-wrap\">\n\t\t\t\t\t\t\t\t\t\t\t\t\t<a href=\"https:\/\/intic.gov.mz\/\" target=\"_blank\">\n\t\t\t\t\t\t\t<img decoding=\"async\" src=\"https:\/\/igf-lusofonia.pt\/wp-content\/uploads\/2024\/07\/04.png\" alt=\"Logo INTIC\" \/>\t\t\t\t\t\t\t<\/a>\n\t\t\t\t\t\t\t\t\t\t\t\t\t<\/div>\n\t\t\t\t\t\t\t\t\t\t\t<\/div>\n\t\t\t\t\t\t\t<\/div>\n\t\t\t\t\t\t<\/div>\n\t\t\t\t<\/div>\n\t\t\t\t<div class=\"elementor-element elementor-element-4b759bd elementor-widget elementor-widget-text-editor\" data-id=\"4b759bd\" data-element_type=\"widget\" data-e-type=\"widget\" data-widget_type=\"text-editor.default\">\n\t\t\t\t<div class=\"elementor-widget-container\">\n\t\t\t\t\t\t\t\t\t<p>Apoio:<\/p>\t\t\t\t\t\t\t\t<\/div>\n\t\t\t\t<\/div>\n\t\t\t\t<div class=\"elementor-element elementor-element-4619a2d elementor-grid-1 elementor-grid-tablet-5 elementor-grid-mobile-3 elementor-widget elementor-widget-pp-logo-grid\" data-id=\"4619a2d\" data-element_type=\"widget\" data-e-type=\"widget\" data-widget_type=\"pp-logo-grid.default\">\n\t\t\t\t<div class=\"elementor-widget-container\">\n\t\t\t\t\t\t\t<div class=\"pp-logo-grid elementor-grid\">\n\t\t\t\t\t\t\t\t<div class=\"elementor-grid-item elementor-repeater-item-4e3ce9c\">\n\t\t\t\t\t\t<div class=\"pp-logo-wrap\">\n\t\t\t\t\t\t\t\t\t\t\t\t\t<a href=\"https:\/\/igfsa.org\/\" target=\"_blank\">\n\t\t\t\t\t\t\t<img decoding=\"async\" src=\"https:\/\/igf-lusofonia.pt\/wp-content\/uploads\/2025\/09\/IGFSA.png\" alt=\"Logo Internet Governance Forum Support Association\" \/>\t\t\t\t\t\t\t<\/a>\n\t\t\t\t\t\t\t\t\t\t\t\t\t<\/div>\n\t\t\t\t\t\t\t\t\t\t\t<\/div>\n\t\t\t\t\t\t\t<\/div>\n\t\t\t\t\t\t<\/div>\n\t\t\t\t<\/div>\n\t\t\t\t<div class=\"elementor-element elementor-element-e9a9dbc elementor-widget elementor-widget-spacer\" data-id=\"e9a9dbc\" data-element_type=\"widget\" data-e-type=\"widget\" data-widget_type=\"spacer.default\">\n\t\t\t\t<div class=\"elementor-widget-container\">\n\t\t\t\t\t\t\t<div class=\"elementor-spacer\">\n\t\t\t<div class=\"elementor-spacer-inner\"><\/div>\n\t\t<\/div>\n\t\t\t\t\t\t<\/div>\n\t\t\t\t<\/div>\n\t\t\t\t\t<\/div>\n\t\t<\/div>\n\t\t\t\t\t<\/div>\n\t\t<\/section>\n\t\t\t\t<\/div>\n\t\t","protected":false},"excerpt":{"rendered":"<p>F\u00f3rum Lus\u00f3fono da Governa\u00e7\u00e3o da Internet Do nosso lugar falamos em portugu\u00eas. Nossa multiterritorialidade se expressa a partir de nossos espa\u00e7os em nossa l\u00edngua portuguesa, em todas as suas variantes. Espa\u00e7os de di\u00e1logos. Espa\u00e7os de encontros. Espa\u00e7os f\u00edsicos. Espa\u00e7os sociais. Ciberespa\u00e7os. Afirmamos nossos dom\u00ednios em portugu\u00eas. Expressamos nossos saberes e emo\u00e7\u00f5es em portugu\u00eas. Navegamos por [&hellip;]<\/p>\n","protected":false},"author":1,"featured_media":0,"parent":0,"menu_order":0,"comment_status":"closed","ping_status":"closed","template":"","meta":{"footnotes":""},"class_list":["post-138","page","type-page","status-publish","hentry"],"yoast_head":"<!-- This site is optimized with the Yoast SEO plugin v27.4 - https:\/\/yoast.com\/product\/yoast-seo-wordpress\/ -->\n<title>Sobre - IGF<\/title>\n<meta name=\"robots\" content=\"index, follow, max-snippet:-1, max-image-preview:large, max-video-preview:-1\" \/>\n<link rel=\"canonical\" href=\"https:\/\/igf-lusofonia.pt\/en\/sobre\/\" \/>\n<meta property=\"og:locale\" content=\"en_GB\" \/>\n<meta property=\"og:type\" content=\"article\" \/>\n<meta property=\"og:title\" content=\"Sobre - IGF\" \/>\n<meta property=\"og:description\" content=\"F\u00f3rum Lus\u00f3fono da Governa\u00e7\u00e3o da Internet Do nosso lugar falamos em portugu\u00eas. Nossa multiterritorialidade se expressa a partir de nossos espa\u00e7os em nossa l\u00edngua portuguesa, em todas as suas variantes. Espa\u00e7os de di\u00e1logos. Espa\u00e7os de encontros. Espa\u00e7os f\u00edsicos. Espa\u00e7os sociais. Ciberespa\u00e7os. Afirmamos nossos dom\u00ednios em portugu\u00eas. Expressamos nossos saberes e emo\u00e7\u00f5es em portugu\u00eas. Navegamos por [&hellip;]\" \/>\n<meta property=\"og:url\" content=\"https:\/\/igf-lusofonia.pt\/en\/sobre\/\" \/>\n<meta property=\"og:site_name\" content=\"IGF\" \/>\n<meta property=\"article:modified_time\" content=\"2026-04-01T09:57:29+00:00\" \/>\n<meta property=\"og:image\" content=\"https:\/\/igf-lusofonia.pt\/wp-content\/uploads\/2025\/09\/LusNIC.png\" \/>\n<meta name=\"twitter:card\" content=\"summary_large_image\" \/>\n<meta name=\"twitter:label1\" content=\"Estimated reading time\" \/>\n\t<meta name=\"twitter:data1\" content=\"5 minutes\" \/>\n<script type=\"application\/ld+json\" class=\"yoast-schema-graph\">{\"@context\":\"https:\\\/\\\/schema.org\",\"@graph\":[{\"@type\":\"WebPage\",\"@id\":\"https:\\\/\\\/igf-lusofonia.pt\\\/sobre\\\/\",\"url\":\"https:\\\/\\\/igf-lusofonia.pt\\\/sobre\\\/\",\"name\":\"Sobre - IGF\",\"isPartOf\":{\"@id\":\"https:\\\/\\\/igf-lusofonia.pt\\\/#website\"},\"primaryImageOfPage\":{\"@id\":\"https:\\\/\\\/igf-lusofonia.pt\\\/sobre\\\/#primaryimage\"},\"image\":{\"@id\":\"https:\\\/\\\/igf-lusofonia.pt\\\/sobre\\\/#primaryimage\"},\"thumbnailUrl\":\"https:\\\/\\\/igf-lusofonia.pt\\\/wp-content\\\/uploads\\\/2025\\\/09\\\/LusNIC.png\",\"datePublished\":\"2023-06-23T15:17:43+00:00\",\"dateModified\":\"2026-04-01T09:57:29+00:00\",\"breadcrumb\":{\"@id\":\"https:\\\/\\\/igf-lusofonia.pt\\\/sobre\\\/#breadcrumb\"},\"inLanguage\":\"en-GB\",\"potentialAction\":[{\"@type\":\"ReadAction\",\"target\":[\"https:\\\/\\\/igf-lusofonia.pt\\\/sobre\\\/\"]}]},{\"@type\":\"ImageObject\",\"inLanguage\":\"en-GB\",\"@id\":\"https:\\\/\\\/igf-lusofonia.pt\\\/sobre\\\/#primaryimage\",\"url\":\"https:\\\/\\\/igf-lusofonia.pt\\\/wp-content\\\/uploads\\\/2025\\\/09\\\/LusNIC.png\",\"contentUrl\":\"https:\\\/\\\/igf-lusofonia.pt\\\/wp-content\\\/uploads\\\/2025\\\/09\\\/LusNIC.png\"},{\"@type\":\"BreadcrumbList\",\"@id\":\"https:\\\/\\\/igf-lusofonia.pt\\\/sobre\\\/#breadcrumb\",\"itemListElement\":[{\"@type\":\"ListItem\",\"position\":1,\"name\":\"Home\",\"item\":\"https:\\\/\\\/igf-lusofonia.pt\\\/\"},{\"@type\":\"ListItem\",\"position\":2,\"name\":\"Sobre\"}]},{\"@type\":\"WebSite\",\"@id\":\"https:\\\/\\\/igf-lusofonia.pt\\\/#website\",\"url\":\"https:\\\/\\\/igf-lusofonia.pt\\\/\",\"name\":\"FLGI\",\"description\":\"Iniciativa no \u00e2mbito do IGF que envolve o di\u00e1logo sobre as interfaces \u00e9tnico-culturais e t\u00e9cnico-instrumentais de uma Internet que fala L\u00edngua Portuguesa.\",\"publisher\":{\"@id\":\"https:\\\/\\\/igf-lusofonia.pt\\\/#organization\"},\"alternateName\":\"IGF Lus\u00f3fono\",\"potentialAction\":[{\"@type\":\"SearchAction\",\"target\":{\"@type\":\"EntryPoint\",\"urlTemplate\":\"https:\\\/\\\/igf-lusofonia.pt\\\/?s={search_term_string}\"},\"query-input\":{\"@type\":\"PropertyValueSpecification\",\"valueRequired\":true,\"valueName\":\"search_term_string\"}}],\"inLanguage\":\"en-GB\"},{\"@type\":\"Organization\",\"@id\":\"https:\\\/\\\/igf-lusofonia.pt\\\/#organization\",\"name\":\"F\u00f3rum Lus\u00f3fono da Governa\u00e7\u00e3o da Internet\",\"url\":\"https:\\\/\\\/igf-lusofonia.pt\\\/\",\"logo\":{\"@type\":\"ImageObject\",\"inLanguage\":\"en-GB\",\"@id\":\"https:\\\/\\\/igf-lusofonia.pt\\\/#\\\/schema\\\/logo\\\/image\\\/\",\"url\":\"https:\\\/\\\/igf-lusofonia.pt\\\/wp-content\\\/uploads\\\/2023\\\/11\\\/Logotipo-sem-ano.png\",\"contentUrl\":\"https:\\\/\\\/igf-lusofonia.pt\\\/wp-content\\\/uploads\\\/2023\\\/11\\\/Logotipo-sem-ano.png\",\"width\":1408,\"height\":864,\"caption\":\"F\u00f3rum Lus\u00f3fono da Governa\u00e7\u00e3o da Internet\"},\"image\":{\"@id\":\"https:\\\/\\\/igf-lusofonia.pt\\\/#\\\/schema\\\/logo\\\/image\\\/\"}}]}<\/script>\n<!-- \/ Yoast SEO plugin. -->","yoast_head_json":{"title":"Sobre - IGF","robots":{"index":"index","follow":"follow","max-snippet":"max-snippet:-1","max-image-preview":"max-image-preview:large","max-video-preview":"max-video-preview:-1"},"canonical":"https:\/\/igf-lusofonia.pt\/en\/sobre\/","og_locale":"en_GB","og_type":"article","og_title":"Sobre - IGF","og_description":"F\u00f3rum Lus\u00f3fono da Governa\u00e7\u00e3o da Internet Do nosso lugar falamos em portugu\u00eas. Nossa multiterritorialidade se expressa a partir de nossos espa\u00e7os em nossa l\u00edngua portuguesa, em todas as suas variantes. Espa\u00e7os de di\u00e1logos. Espa\u00e7os de encontros. Espa\u00e7os f\u00edsicos. Espa\u00e7os sociais. Ciberespa\u00e7os. Afirmamos nossos dom\u00ednios em portugu\u00eas. Expressamos nossos saberes e emo\u00e7\u00f5es em portugu\u00eas. Navegamos por [&hellip;]","og_url":"https:\/\/igf-lusofonia.pt\/en\/sobre\/","og_site_name":"IGF","article_modified_time":"2026-04-01T09:57:29+00:00","og_image":[{"url":"https:\/\/igf-lusofonia.pt\/wp-content\/uploads\/2025\/09\/LusNIC.png","type":"","width":"","height":""}],"twitter_card":"summary_large_image","twitter_misc":{"Estimated reading time":"5 minutes"},"schema":{"@context":"https:\/\/schema.org","@graph":[{"@type":"WebPage","@id":"https:\/\/igf-lusofonia.pt\/sobre\/","url":"https:\/\/igf-lusofonia.pt\/sobre\/","name":"Sobre - IGF","isPartOf":{"@id":"https:\/\/igf-lusofonia.pt\/#website"},"primaryImageOfPage":{"@id":"https:\/\/igf-lusofonia.pt\/sobre\/#primaryimage"},"image":{"@id":"https:\/\/igf-lusofonia.pt\/sobre\/#primaryimage"},"thumbnailUrl":"https:\/\/igf-lusofonia.pt\/wp-content\/uploads\/2025\/09\/LusNIC.png","datePublished":"2023-06-23T15:17:43+00:00","dateModified":"2026-04-01T09:57:29+00:00","breadcrumb":{"@id":"https:\/\/igf-lusofonia.pt\/sobre\/#breadcrumb"},"inLanguage":"en-GB","potentialAction":[{"@type":"ReadAction","target":["https:\/\/igf-lusofonia.pt\/sobre\/"]}]},{"@type":"ImageObject","inLanguage":"en-GB","@id":"https:\/\/igf-lusofonia.pt\/sobre\/#primaryimage","url":"https:\/\/igf-lusofonia.pt\/wp-content\/uploads\/2025\/09\/LusNIC.png","contentUrl":"https:\/\/igf-lusofonia.pt\/wp-content\/uploads\/2025\/09\/LusNIC.png"},{"@type":"BreadcrumbList","@id":"https:\/\/igf-lusofonia.pt\/sobre\/#breadcrumb","itemListElement":[{"@type":"ListItem","position":1,"name":"Home","item":"https:\/\/igf-lusofonia.pt\/"},{"@type":"ListItem","position":2,"name":"Sobre"}]},{"@type":"WebSite","@id":"https:\/\/igf-lusofonia.pt\/#website","url":"https:\/\/igf-lusofonia.pt\/","name":"FLGI","description":"Iniciativa no \u00e2mbito do IGF que envolve o di\u00e1logo sobre as interfaces \u00e9tnico-culturais e t\u00e9cnico-instrumentais de uma Internet que fala L\u00edngua Portuguesa.","publisher":{"@id":"https:\/\/igf-lusofonia.pt\/#organization"},"alternateName":"IGF Lus\u00f3fono","potentialAction":[{"@type":"SearchAction","target":{"@type":"EntryPoint","urlTemplate":"https:\/\/igf-lusofonia.pt\/?s={search_term_string}"},"query-input":{"@type":"PropertyValueSpecification","valueRequired":true,"valueName":"search_term_string"}}],"inLanguage":"en-GB"},{"@type":"Organization","@id":"https:\/\/igf-lusofonia.pt\/#organization","name":"Lusophone Internet Governance Forum","url":"https:\/\/igf-lusofonia.pt\/","logo":{"@type":"ImageObject","inLanguage":"en-GB","@id":"https:\/\/igf-lusofonia.pt\/#\/schema\/logo\/image\/","url":"https:\/\/igf-lusofonia.pt\/wp-content\/uploads\/2023\/11\/Logotipo-sem-ano.png","contentUrl":"https:\/\/igf-lusofonia.pt\/wp-content\/uploads\/2023\/11\/Logotipo-sem-ano.png","width":1408,"height":864,"caption":"F\u00f3rum Lus\u00f3fono da Governa\u00e7\u00e3o da Internet"},"image":{"@id":"https:\/\/igf-lusofonia.pt\/#\/schema\/logo\/image\/"}}]}},"_links":{"self":[{"href":"https:\/\/igf-lusofonia.pt\/en\/wp-json\/wp\/v2\/pages\/138","targetHints":{"allow":["GET"]}}],"collection":[{"href":"https:\/\/igf-lusofonia.pt\/en\/wp-json\/wp\/v2\/pages"}],"about":[{"href":"https:\/\/igf-lusofonia.pt\/en\/wp-json\/wp\/v2\/types\/page"}],"author":[{"embeddable":true,"href":"https:\/\/igf-lusofonia.pt\/en\/wp-json\/wp\/v2\/users\/1"}],"replies":[{"embeddable":true,"href":"https:\/\/igf-lusofonia.pt\/en\/wp-json\/wp\/v2\/comments?post=138"}],"version-history":[{"count":205,"href":"https:\/\/igf-lusofonia.pt\/en\/wp-json\/wp\/v2\/pages\/138\/revisions"}],"predecessor-version":[{"id":3234,"href":"https:\/\/igf-lusofonia.pt\/en\/wp-json\/wp\/v2\/pages\/138\/revisions\/3234"}],"wp:attachment":[{"href":"https:\/\/igf-lusofonia.pt\/en\/wp-json\/wp\/v2\/media?parent=138"}],"curies":[{"name":"wp","href":"https:\/\/api.w.org\/{rel}","templated":true}]}}