{"id":2813,"date":"2025-07-14T13:57:50","date_gmt":"2025-07-14T13:57:50","guid":{"rendered":"https:\/\/igf-lusofonia.pt\/?page_id=2813"},"modified":"2025-09-29T14:47:25","modified_gmt":"2025-09-29T14:47:25","slug":"2025-edicao","status":"publish","type":"page","link":"https:\/\/igf-lusofonia.pt\/en\/2025-edicao\/","title":{"rendered":"2025"},"content":{"rendered":"<div data-elementor-type=\"wp-post\" data-elementor-id=\"2813\" class=\"elementor elementor-2813\" data-elementor-post-type=\"page\">\n\t\t\t\t\t\t<section class=\"elementor-section elementor-top-section elementor-element elementor-element-638ea5e elementor-section-content-middle elementor-section-full_width elementor-section-height-default elementor-section-height-default\" data-id=\"638ea5e\" data-element_type=\"section\" data-e-type=\"section\" data-settings=\"{&quot;background_background&quot;:&quot;classic&quot;}\">\n\t\t\t\t\t\t<div class=\"elementor-container elementor-column-gap-default\">\n\t\t\t\t\t<div class=\"elementor-column elementor-col-100 elementor-top-column elementor-element elementor-element-432a9d6\" data-id=\"432a9d6\" data-element_type=\"column\" data-e-type=\"column\">\n\t\t\t<div class=\"elementor-widget-wrap elementor-element-populated\">\n\t\t\t\t\t\t<div class=\"elementor-element elementor-element-1e9fec7 elementor-widget__width-auto elementor-widget elementor-widget-heading\" data-id=\"1e9fec7\" data-element_type=\"widget\" data-e-type=\"widget\" data-widget_type=\"heading.default\">\n\t\t\t\t<div class=\"elementor-widget-container\">\n\t\t\t\t\t<h1 class=\"elementor-heading-title elementor-size-default\">Report available soon<\/h1>\t\t\t\t<\/div>\n\t\t\t\t<\/div>\n\t\t\t\t<div class=\"elementor-element elementor-element-0ca648a elementor-widget__width-auto elementor-hidden-desktop elementor-hidden-tablet elementor-hidden-mobile elementor-widget elementor-widget-button\" data-id=\"0ca648a\" data-element_type=\"widget\" data-e-type=\"widget\" data-widget_type=\"button.default\">\n\t\t\t\t<div class=\"elementor-widget-container\">\n\t\t\t\t\t\t\t\t\t<div class=\"elementor-button-wrapper\">\n\t\t\t\t\t<a class=\"elementor-button elementor-button-link elementor-size-sm\" href=\"https:\/\/www.youtube.com\/watch?v=ArIdrgXoJgc&#038;ab_channel=Ag%C3%AAnciaReguladoraMultissectorialdaEconomia\" target=\"_blank\">\n\t\t\t\t\t\t<span class=\"elementor-button-content-wrapper\">\n\t\t\t\t\t\t\t\t\t<span class=\"elementor-button-text\">Watch here<\/span>\n\t\t\t\t\t<\/span>\n\t\t\t\t\t<\/a>\n\t\t\t\t<\/div>\n\t\t\t\t\t\t\t\t<\/div>\n\t\t\t\t<\/div>\n\t\t\t\t\t<\/div>\n\t\t<\/div>\n\t\t\t\t\t<\/div>\n\t\t<\/section>\n\t\t\t\t<section class=\"elementor-section elementor-top-section elementor-element elementor-element-d49370f elementor-reverse-mobile elementor-section-boxed elementor-section-height-default elementor-section-height-default\" data-id=\"d49370f\" data-element_type=\"section\" data-e-type=\"section\" data-settings=\"{&quot;background_background&quot;:&quot;classic&quot;}\">\n\t\t\t\t\t\t<div class=\"elementor-container elementor-column-gap-default\">\n\t\t\t\t\t<div class=\"elementor-column elementor-col-50 elementor-top-column elementor-element elementor-element-f0d8510\" data-id=\"f0d8510\" data-element_type=\"column\" data-e-type=\"column\" data-settings=\"{&quot;background_background&quot;:&quot;classic&quot;}\">\n\t\t\t<div class=\"elementor-widget-wrap elementor-element-populated\">\n\t\t\t\t\t\t<div class=\"elementor-element elementor-element-38ccf43 elementor-widget elementor-widget-spacer\" data-id=\"38ccf43\" data-element_type=\"widget\" data-e-type=\"widget\" data-widget_type=\"spacer.default\">\n\t\t\t\t<div class=\"elementor-widget-container\">\n\t\t\t\t\t\t\t<div class=\"elementor-spacer\">\n\t\t\t<div class=\"elementor-spacer-inner\"><\/div>\n\t\t<\/div>\n\t\t\t\t\t\t<\/div>\n\t\t\t\t<\/div>\n\t\t\t\t\t<\/div>\n\t\t<\/div>\n\t\t\t\t<div class=\"elementor-column elementor-col-50 elementor-top-column elementor-element elementor-element-340b89f\" data-id=\"340b89f\" data-element_type=\"column\" data-e-type=\"column\" data-settings=\"{&quot;background_background&quot;:&quot;classic&quot;}\">\n\t\t\t<div class=\"elementor-widget-wrap elementor-element-populated\">\n\t\t\t\t\t\t<div class=\"elementor-element elementor-element-3fcb6e6 elementor-widget elementor-widget-spacer\" data-id=\"3fcb6e6\" data-element_type=\"widget\" data-e-type=\"widget\" data-widget_type=\"spacer.default\">\n\t\t\t\t<div class=\"elementor-widget-container\">\n\t\t\t\t\t\t\t<div class=\"elementor-spacer\">\n\t\t\t<div class=\"elementor-spacer-inner\"><\/div>\n\t\t<\/div>\n\t\t\t\t\t\t<\/div>\n\t\t\t\t<\/div>\n\t\t\t\t<div class=\"elementor-element elementor-element-63b00ed elementor-widget elementor-widget-heading\" data-id=\"63b00ed\" data-element_type=\"widget\" data-e-type=\"widget\" data-widget_type=\"heading.default\">\n\t\t\t\t<div class=\"elementor-widget-container\">\n\t\t\t\t\t<h1 class=\"elementor-heading-title elementor-size-default\">3\u00ba F\u00f3rum Lus\u00f3fono da Governa\u00e7\u00e3o da Internet<\/h1>\t\t\t\t<\/div>\n\t\t\t\t<\/div>\n\t\t\t\t<div class=\"elementor-element elementor-element-3a9252c elementor-widget elementor-widget-spacer\" data-id=\"3a9252c\" data-element_type=\"widget\" data-e-type=\"widget\" data-widget_type=\"spacer.default\">\n\t\t\t\t<div class=\"elementor-widget-container\">\n\t\t\t\t\t\t\t<div class=\"elementor-spacer\">\n\t\t\t<div class=\"elementor-spacer-inner\"><\/div>\n\t\t<\/div>\n\t\t\t\t\t\t<\/div>\n\t\t\t\t<\/div>\n\t\t\t\t<div class=\"elementor-element elementor-element-1edc6a8 elementor-widget elementor-widget-text-editor\" data-id=\"1edc6a8\" data-element_type=\"widget\" data-e-type=\"widget\" data-widget_type=\"text-editor.default\">\n\t\t\t\t<div class=\"elementor-widget-container\">\n\t\t\t\t\t\t\t\t\t<p>On September 22nd and 23rd, the 3rd Internet Governance Forum of the Lusophone Community took place at the Joaquim Chissano International Conference Center in Maputo, Mozambique. The forum discussed and debated the multiple interactions of the Portuguese language in the developments, uses, and governance of the Internet. This year, it dedicated considerable time to reflecting on the impacts and challenges for <em>linguistic and the cultural diversity of lusophony.<\/em><\/p>\t\t\t\t\t\t\t\t<\/div>\n\t\t\t\t<\/div>\n\t\t\t\t<div class=\"elementor-element elementor-element-c5eaf9c elementor-widget elementor-widget-spacer\" data-id=\"c5eaf9c\" data-element_type=\"widget\" data-e-type=\"widget\" data-widget_type=\"spacer.default\">\n\t\t\t\t<div class=\"elementor-widget-container\">\n\t\t\t\t\t\t\t<div class=\"elementor-spacer\">\n\t\t\t<div class=\"elementor-spacer-inner\"><\/div>\n\t\t<\/div>\n\t\t\t\t\t\t<\/div>\n\t\t\t\t<\/div>\n\t\t\t\t\t<\/div>\n\t\t<\/div>\n\t\t\t\t\t<\/div>\n\t\t<\/section>\n\t\t\t\t<section class=\"elementor-section elementor-top-section elementor-element elementor-element-2411327 elementor-reverse-mobile elementor-section-boxed elementor-section-height-default elementor-section-height-default\" data-id=\"2411327\" data-element_type=\"section\" data-e-type=\"section\" data-settings=\"{&quot;background_background&quot;:&quot;classic&quot;}\">\n\t\t\t\t\t\t<div class=\"elementor-container elementor-column-gap-no\">\n\t\t\t\t\t<div class=\"elementor-column elementor-col-50 elementor-top-column elementor-element elementor-element-45773cf\" data-id=\"45773cf\" data-element_type=\"column\" data-e-type=\"column\">\n\t\t\t<div class=\"elementor-widget-wrap elementor-element-populated\">\n\t\t\t\t\t\t<div class=\"elementor-element elementor-element-30d9d6a elementor-widget elementor-widget-spacer\" data-id=\"30d9d6a\" data-element_type=\"widget\" data-e-type=\"widget\" data-widget_type=\"spacer.default\">\n\t\t\t\t<div class=\"elementor-widget-container\">\n\t\t\t\t\t\t\t<div class=\"elementor-spacer\">\n\t\t\t<div class=\"elementor-spacer-inner\"><\/div>\n\t\t<\/div>\n\t\t\t\t\t\t<\/div>\n\t\t\t\t<\/div>\n\t\t\t\t<div class=\"elementor-element elementor-element-cae9b57 elementor-widget elementor-widget-heading\" data-id=\"cae9b57\" data-element_type=\"widget\" data-e-type=\"widget\" data-widget_type=\"heading.default\">\n\t\t\t\t<div class=\"elementor-widget-container\">\n\t\t\t\t\t<h1 class=\"elementor-heading-title elementor-size-default\">Maputo's Letter<\/h1>\t\t\t\t<\/div>\n\t\t\t\t<\/div>\n\t\t\t\t<div class=\"elementor-element elementor-element-852958f elementor-widget elementor-widget-spacer\" data-id=\"852958f\" data-element_type=\"widget\" data-e-type=\"widget\" data-widget_type=\"spacer.default\">\n\t\t\t\t<div class=\"elementor-widget-container\">\n\t\t\t\t\t\t\t<div class=\"elementor-spacer\">\n\t\t\t<div class=\"elementor-spacer-inner\"><\/div>\n\t\t<\/div>\n\t\t\t\t\t\t<\/div>\n\t\t\t\t<\/div>\n\t\t\t\t<div class=\"elementor-element elementor-element-2e9ed2c elementor-widget elementor-widget-text-editor\" data-id=\"2e9ed2c\" data-element_type=\"widget\" data-e-type=\"widget\" data-widget_type=\"text-editor.default\">\n\t\t\t\t<div class=\"elementor-widget-container\">\n\t\t\t\t\t\t\t\t\t<p>Read the document approved by participants of the 3rd Lusophone Internet Governance Forum, outlining the principles for continuing these annual meetings. The next Forum, in 2026, will be held in Angola.<\/p>\t\t\t\t\t\t\t\t<\/div>\n\t\t\t\t<\/div>\n\t\t\t\t<div class=\"elementor-element elementor-element-ac0c600 elementor-widget__width-auto elementor-widget elementor-widget-button\" data-id=\"ac0c600\" data-element_type=\"widget\" data-e-type=\"widget\" data-widget_type=\"button.default\">\n\t\t\t\t<div class=\"elementor-widget-container\">\n\t\t\t\t\t\t\t\t\t<div class=\"elementor-button-wrapper\">\n\t\t\t\t\t<a class=\"elementor-button elementor-button-link elementor-size-sm\" href=\"https:\/\/igf-lusofonia.pt\/carta-de-maputo\/\">\n\t\t\t\t\t\t<span class=\"elementor-button-content-wrapper\">\n\t\t\t\t\t\t\t\t\t<span class=\"elementor-button-text\">Read here<\/span>\n\t\t\t\t\t<\/span>\n\t\t\t\t\t<\/a>\n\t\t\t\t<\/div>\n\t\t\t\t\t\t\t\t<\/div>\n\t\t\t\t<\/div>\n\t\t\t\t<div class=\"elementor-element elementor-element-13c2332 elementor-widget elementor-widget-spacer\" data-id=\"13c2332\" data-element_type=\"widget\" data-e-type=\"widget\" data-widget_type=\"spacer.default\">\n\t\t\t\t<div class=\"elementor-widget-container\">\n\t\t\t\t\t\t\t<div class=\"elementor-spacer\">\n\t\t\t<div class=\"elementor-spacer-inner\"><\/div>\n\t\t<\/div>\n\t\t\t\t\t\t<\/div>\n\t\t\t\t<\/div>\n\t\t\t\t\t<\/div>\n\t\t<\/div>\n\t\t\t\t<div class=\"elementor-column elementor-col-50 elementor-top-column elementor-element elementor-element-99a6464 elementor-hidden-mobile\" data-id=\"99a6464\" data-element_type=\"column\" data-e-type=\"column\" data-settings=\"{&quot;background_background&quot;:&quot;classic&quot;}\">\n\t\t\t<div class=\"elementor-widget-wrap\">\n\t\t\t\t\t\t\t<\/div>\n\t\t<\/div>\n\t\t\t\t\t<\/div>\n\t\t<\/section>\n\t\t\t\t<section class=\"elementor-section elementor-top-section elementor-element elementor-element-3cb4bd1 elementor-section-boxed elementor-section-height-default elementor-section-height-default\" data-id=\"3cb4bd1\" data-element_type=\"section\" data-e-type=\"section\">\n\t\t\t\t\t\t<div class=\"elementor-container elementor-column-gap-default\">\n\t\t\t\t\t<div class=\"elementor-column elementor-col-100 elementor-top-column elementor-element elementor-element-d25c44d\" data-id=\"d25c44d\" data-element_type=\"column\" data-e-type=\"column\">\n\t\t\t<div class=\"elementor-widget-wrap elementor-element-populated\">\n\t\t\t\t\t\t<div class=\"elementor-element elementor-element-383e1ba elementor-widget elementor-widget-spacer\" data-id=\"383e1ba\" data-element_type=\"widget\" data-e-type=\"widget\" data-widget_type=\"spacer.default\">\n\t\t\t\t<div class=\"elementor-widget-container\">\n\t\t\t\t\t\t\t<div class=\"elementor-spacer\">\n\t\t\t<div class=\"elementor-spacer-inner\"><\/div>\n\t\t<\/div>\n\t\t\t\t\t\t<\/div>\n\t\t\t\t<\/div>\n\t\t\t\t\t<\/div>\n\t\t<\/div>\n\t\t\t\t\t<\/div>\n\t\t<\/section>\n\t\t\t\t<section class=\"elementor-section elementor-top-section elementor-element elementor-element-38b2f30 elementor-section-boxed elementor-section-height-default elementor-section-height-default\" data-id=\"38b2f30\" data-element_type=\"section\" data-e-type=\"section\">\n\t\t\t\t\t\t<div class=\"elementor-container elementor-column-gap-default\">\n\t\t\t\t\t<div class=\"elementor-column elementor-col-100 elementor-top-column elementor-element elementor-element-0fe351e\" data-id=\"0fe351e\" data-element_type=\"column\" data-e-type=\"column\">\n\t\t\t<div class=\"elementor-widget-wrap elementor-element-populated\">\n\t\t\t\t\t\t<div class=\"elementor-element elementor-element-3415fe0 elementor-widget elementor-widget-heading\" data-id=\"3415fe0\" data-element_type=\"widget\" data-e-type=\"widget\" data-widget_type=\"heading.default\">\n\t\t\t\t<div class=\"elementor-widget-container\">\n\t\t\t\t\t<h1 class=\"elementor-heading-title elementor-size-default\">PROGRAM<\/h1>\t\t\t\t<\/div>\n\t\t\t\t<\/div>\n\t\t\t\t\t<\/div>\n\t\t<\/div>\n\t\t\t\t\t<\/div>\n\t\t<\/section>\n\t\t\t\t<section class=\"elementor-section elementor-top-section elementor-element elementor-element-c881578 elementor-section-boxed elementor-section-height-default elementor-section-height-default\" data-id=\"c881578\" data-element_type=\"section\" data-e-type=\"section\" data-settings=\"{&quot;background_background&quot;:&quot;classic&quot;}\">\n\t\t\t\t\t\t<div class=\"elementor-container elementor-column-gap-default\">\n\t\t\t\t\t<div class=\"elementor-column elementor-col-100 elementor-top-column elementor-element elementor-element-02eaa0b\" data-id=\"02eaa0b\" data-element_type=\"column\" data-e-type=\"column\" data-settings=\"{&quot;background_background&quot;:&quot;classic&quot;}\">\n\t\t\t<div class=\"elementor-widget-wrap elementor-element-populated\">\n\t\t\t\t\t\t<div class=\"elementor-element elementor-element-8706889 elementor-widget elementor-widget-spacer\" data-id=\"8706889\" data-element_type=\"widget\" data-e-type=\"widget\" data-widget_type=\"spacer.default\">\n\t\t\t\t<div class=\"elementor-widget-container\">\n\t\t\t\t\t\t\t<div class=\"elementor-spacer\">\n\t\t\t<div class=\"elementor-spacer-inner\"><\/div>\n\t\t<\/div>\n\t\t\t\t\t\t<\/div>\n\t\t\t\t<\/div>\n\t\t\t\t<div class=\"elementor-element elementor-element-bb68687 elementor-widget__width-auto elementor-widget elementor-widget-heading\" data-id=\"bb68687\" data-element_type=\"widget\" data-e-type=\"widget\" data-widget_type=\"heading.default\">\n\t\t\t\t<div class=\"elementor-widget-container\">\n\t\t\t\t\t<h2 class=\"elementor-heading-title elementor-size-default\">September 22<\/h2>\t\t\t\t<\/div>\n\t\t\t\t<\/div>\n\t\t\t\t<div class=\"elementor-element elementor-element-00c1d47 elementor-widget elementor-widget-text-editor\" data-id=\"00c1d47\" data-element_type=\"widget\" data-e-type=\"widget\" data-widget_type=\"text-editor.default\">\n\t\t\t\t<div class=\"elementor-widget-container\">\n\t\t\t\t\t\t\t\t\t<p>Block 1 \u2013 Access, Inclusion and Diversity in Digital Lusophony<\/p>\t\t\t\t\t\t\t\t<\/div>\n\t\t\t\t<\/div>\n\t\t\t\t<div class=\"elementor-element elementor-element-030cc77 elementor-widget elementor-widget-eael-adv-accordion\" data-id=\"030cc77\" data-element_type=\"widget\" data-e-type=\"widget\" data-widget_type=\"eael-adv-accordion.default\">\n\t\t\t\t<div class=\"elementor-widget-container\">\n\t\t\t\t\t            <div class=\"eael-adv-accordion\" id=\"eael-adv-accordion-030cc77\" data-scroll-on-click=\"no\" data-scroll-speed=\"300\" data-accordion-id=\"030cc77\" data-accordion-type=\"accordion\" data-toogle-speed=\"50\">\n            <div class=\"eael-accordion-list\">\n\t\t\t\t\t<div id=\"sesso-de-abertura\" class=\"elementor-tab-title eael-accordion-header\" tabindex=\"0\" data-tab=\"1\" aria-controls=\"elementor-tab-content-3191\"><span class=\"eael-accordion-tab-title\">Opening Session<\/span><i aria-hidden=\"true\" class=\"fa-toggle fas fa-angle-right\"><\/i><\/div><div id=\"elementor-tab-content-3191\" class=\"eael-accordion-content clearfix\" data-tab=\"1\" aria-labelledby=\"sesso-de-abertura\"><ul><li><strong>Alexander Gentil<\/strong> <strong>\u2013 <\/strong><span>AGER, S\u00e3o Tom\u00e9 e Pr\u00edncipe<\/span><\/li><li><strong>Andr\u00e9 Pedro<\/strong> \u2013 INFOSI, Angol<\/li><li><strong>Leonilde Santos<\/strong> &#8211; ARME, Cabo Verde<\/li><li><strong>Marta Moreira Dias<\/strong> &#8211; LusNIC\/.PT, Portugal<\/li><li><strong>Rafael Evangelista<\/strong> \u2013 CGI.br\/Unicamp, Brasil<\/li><li><strong>Lourino Chemane<\/strong> \u2013 INTIC, IP, Mo\u00e7ambique<\/li><li><strong>Opening Remarks <\/strong>by <strong>Exma. Senhora Nilza Miquidade<\/strong> \u2013 MCTD, Mo\u00e7ambique<\/li><\/ul><\/div>\n\t\t\t\t\t<\/div><div class=\"eael-accordion-list\">\n\t\t\t\t\t<div id=\"painel-1-incluso-digital-nos-pases-lusfonos\" class=\"elementor-tab-title eael-accordion-header\" tabindex=\"0\" data-tab=\"2\" aria-controls=\"elementor-tab-content-3192\"><span class=\"eael-accordion-tab-title\">PANEL 1 \u2013 Digital Inclusion in Portuguese-Speaking Countries<\/span><i aria-hidden=\"true\" class=\"fa-toggle fas fa-angle-right\"><\/i><\/div><div id=\"elementor-tab-content-3192\" class=\"eael-accordion-content clearfix\" data-tab=\"2\" aria-labelledby=\"painel-1-incluso-digital-nos-pases-lusfonos\"><p><strong>Digital Inclusion in Portuguese-Speaking Countries: Strategies to Reduce Digital Exclusion and Promote Universal Internet Access<\/strong><\/p><p>This panel will address national and regional initiatives aimed at combating digital exclusion, focusing on connectivity in remote areas, digital empowerment of the population, and the development of accessible and sustainable infrastructure.<\/p><p><span style=\"color: #99ccff\">_______<\/span><\/p><p>Moderation: <strong>Luisa Ribeiro Lopes<\/strong> &#8211; .PT, Portugal<\/p><p>Speakers:<\/p><ul><li><strong>Ca\u00edque Azael<\/strong> &#8211; Wiki Favelas, Brasil<\/li><li><strong>Helena Fernandes<\/strong><strong>\u00a0<\/strong>\u2013 INCM, Mo\u00e7ambique<\/li><li><strong>Leonilde Santos<\/strong> \u2013 ARME, Cabo Verde<\/li><li><strong>Manuella Maia Ribeiro<\/strong> \u2013 CETIC.br, Brasil<\/li><li><strong>Sandra Martins<\/strong> \u2013 .PT, Portugal<\/li><\/ul><\/div>\n\t\t\t\t\t<\/div><div class=\"eael-accordion-list\">\n\t\t\t\t\t<div id=\"painel-2-diversidade-lingustica-e-cultural-na-internet\" class=\"elementor-tab-title eael-accordion-header\" tabindex=\"0\" data-tab=\"3\" aria-controls=\"elementor-tab-content-3193\"><span class=\"eael-accordion-tab-title\">PANEL 2 \u2013 Linguistic and Cultural Diversity on the Internet<\/span><i aria-hidden=\"true\" class=\"fa-toggle fas fa-angle-right\"><\/i><\/div><div id=\"elementor-tab-content-3193\" class=\"eael-accordion-content clearfix\" data-tab=\"3\" aria-labelledby=\"painel-2-diversidade-lingustica-e-cultural-na-internet\"><p><strong>Linguistic and Cultural Diversity on the Internet: Challenges and Opportunities for the Portuguese Language in the Digital Environment<\/strong><\/p><p>The role of the Portuguese language in the global digital space, the obstacles to its integration into emerging technologies, and the opportunities for expansion through the creation of content, digital tools, and innovative language policies will be discussed.<\/p><p><span style=\"color: #99ccff\">_______<\/span><\/p><p>Moderation: <strong>Rafael Evangelista<\/strong> \u2013 CGI.br\/Unicamp, Brasil<\/p><p>Speakers:<\/p><ul><li><strong>Gildo Macie \u2013 <\/strong>ECA, Mo\u00e7ambique<\/li><li><strong>Gilvan Muller Oliveira<\/strong> \u2013 C\u00e1tedra UNESCO\/UFSC, Brasil<\/li><li><strong>Zenaida \u00c9vora Tavares<\/strong> \u2013 Universidade de Santiago, Cabo Verde<\/li><\/ul><\/div>\n\t\t\t\t\t<\/div><\/div>\t\t\t\t<\/div>\n\t\t\t\t<\/div>\n\t\t\t\t<div class=\"elementor-element elementor-element-c42691d elementor-widget elementor-widget-text-editor\" data-id=\"c42691d\" data-element_type=\"widget\" data-e-type=\"widget\" data-widget_type=\"text-editor.default\">\n\t\t\t\t<div class=\"elementor-widget-container\">\n\t\t\t\t\t\t\t\t\t<p>Block 2 - Artificial Intelligence and Sustainable Development in Lusophony<\/p>\t\t\t\t\t\t\t\t<\/div>\n\t\t\t\t<\/div>\n\t\t\t\t<div class=\"elementor-element elementor-element-f0a9e58 elementor-widget elementor-widget-eael-adv-accordion\" data-id=\"f0a9e58\" data-element_type=\"widget\" data-e-type=\"widget\" data-widget_type=\"eael-adv-accordion.default\">\n\t\t\t\t<div class=\"elementor-widget-container\">\n\t\t\t\t\t            <div class=\"eael-adv-accordion\" id=\"eael-adv-accordion-f0a9e58\" data-scroll-on-click=\"no\" data-scroll-speed=\"300\" data-accordion-id=\"f0a9e58\" data-accordion-type=\"accordion\" data-toogle-speed=\"50\">\n            <div class=\"eael-accordion-list\">\n\t\t\t\t\t<div id=\"painel-3-inteligncia-artificial-como-ferramenta-para-a-lusofonia\" class=\"elementor-tab-title eael-accordion-header\" tabindex=\"0\" data-tab=\"1\" aria-controls=\"elementor-tab-content-2521\"><span class=\"eael-accordion-tab-title\">PANEL 3 \u2013 Artificial Intelligence as a Tool for Lusophony<\/span><i aria-hidden=\"true\" class=\"fa-toggle fas fa-angle-right\"><\/i><\/div><div id=\"elementor-tab-content-2521\" class=\"eael-accordion-content clearfix\" data-tab=\"1\" aria-labelledby=\"painel-3-inteligncia-artificial-como-ferramenta-para-a-lusofonia\"><p><strong>Artificial Intelligence as a Tool for Achieving Sustainable Development in Lusophony<\/strong><\/p><p>This panel will explore AI use cases applied to priority sectors such as education, healthcare, agriculture, and public administration, highlighting the social and economic benefits of emerging technologies.<\/p><p><span style=\"color: #99ccff\">_______<\/span><\/p><p>Moderation: <strong>Bianca Kremer<\/strong> \u2013 CGI.br, Brasil<\/p><p>Speakers:<\/p><ul><li><strong>Diogo Cortiz <\/strong>\u2013 NIC.br, Brasil<\/li><li><strong>Jo\u00e3o Vembane<\/strong><strong>\u00a0<\/strong>\u2013 UNESCO Mo\u00e7ambique, Na\u00e7\u00f5es Unidas<\/li><li><strong>Lu\u00eds Neves <\/strong>\u2013 CIUEM, Mo\u00e7ambique<\/li><li><strong>Marcelo Fornazin \u2013 <\/strong>CGI.br, Brasil<\/li><li><strong>Sandra Fazenda Almeida<\/strong> \u2013 APDC, Portugal<\/li><li><strong>Vitor Guerra<\/strong> \u2013 AMPETIC, Mo\u00e7ambique<\/li><\/ul><\/div>\n\t\t\t\t\t<\/div><div class=\"eael-accordion-list\">\n\t\t\t\t\t<div id=\"painel-4-estabelecendo-uma-governana-de-inteligncia-artificial-lusfona\" class=\"elementor-tab-title eael-accordion-header\" tabindex=\"0\" data-tab=\"2\" aria-controls=\"elementor-tab-content-2522\"><span class=\"eael-accordion-tab-title\">PANEL 4 \u2013 Establishing Lusophone Artificial Intelligence Governance<\/span><i aria-hidden=\"true\" class=\"fa-toggle fas fa-angle-right\"><\/i><\/div><div id=\"elementor-tab-content-2522\" class=\"eael-accordion-content clearfix\" data-tab=\"2\" aria-labelledby=\"painel-4-estabelecendo-uma-governana-de-inteligncia-artificial-lusfona\"><p><strong>Establishing Lusophone Artificial Intelligence Governance: Challenges and Opportunities<\/strong><\/p><p>The creation of an ethical, participatory and multilateral governance model for AI in the Portuguese-speaking world will be discussed, based on international standards, respect for human rights and cooperation between member countries.<\/p><p><span style=\"color: #99ccff\">_______<\/span><\/p><p>Moderation: <strong>Silaide Mutemba<\/strong> \u2013 MISA Mo\u00e7ambique<\/p><p>Speakers:<\/p><ul><li><strong>Cleonice Moreira<\/strong> \u2013 UNICV, Cabo Verde<\/li><li><strong>Constantino Sotomane<\/strong> \u2013 INTIC, IP, Mo\u00e7ambique<\/li><li><span><strong>Guilherme Canela<\/strong> \u2013 UNESCO<\/span><\/li><li><strong>Lu\u00eds Alexandre Reali Costa<\/strong> \u2013 OBIA, Brasil<\/li><li><strong>Sandra Maximiano<\/strong> \u2013 ANACOM,\u00a0Portugal<\/li><\/ul><\/div>\n\t\t\t\t\t<\/div><\/div>\t\t\t\t<\/div>\n\t\t\t\t<\/div>\n\t\t\t\t<div class=\"elementor-element elementor-element-35ee4e0 elementor-widget elementor-widget-spacer\" data-id=\"35ee4e0\" data-element_type=\"widget\" data-e-type=\"widget\" data-widget_type=\"spacer.default\">\n\t\t\t\t<div class=\"elementor-widget-container\">\n\t\t\t\t\t\t\t<div class=\"elementor-spacer\">\n\t\t\t<div class=\"elementor-spacer-inner\"><\/div>\n\t\t<\/div>\n\t\t\t\t\t\t<\/div>\n\t\t\t\t<\/div>\n\t\t\t\t<div class=\"elementor-element elementor-element-1a7b9bb elementor-widget__width-auto elementor-widget elementor-widget-heading\" data-id=\"1a7b9bb\" data-element_type=\"widget\" data-e-type=\"widget\" data-widget_type=\"heading.default\">\n\t\t\t\t<div class=\"elementor-widget-container\">\n\t\t\t\t\t<h2 class=\"elementor-heading-title elementor-size-default\">September 23<\/h2>\t\t\t\t<\/div>\n\t\t\t\t<\/div>\n\t\t\t\t<div class=\"elementor-element elementor-element-eb4a1f8 elementor-widget elementor-widget-text-editor\" data-id=\"eb4a1f8\" data-element_type=\"widget\" data-e-type=\"widget\" data-widget_type=\"text-editor.default\">\n\t\t\t\t<div class=\"elementor-widget-container\">\n\t\t\t\t\t\t\t\t\t<p>Block 3 \u2013 Secure and Trusted Digital Infrastructures<\/p>\t\t\t\t\t\t\t\t<\/div>\n\t\t\t\t<\/div>\n\t\t\t\t<div class=\"elementor-element elementor-element-4a24957 elementor-widget elementor-widget-eael-adv-accordion\" data-id=\"4a24957\" data-element_type=\"widget\" data-e-type=\"widget\" data-widget_type=\"eael-adv-accordion.default\">\n\t\t\t\t<div class=\"elementor-widget-container\">\n\t\t\t\t\t            <div class=\"eael-adv-accordion\" id=\"eael-adv-accordion-4a24957\" data-scroll-on-click=\"no\" data-scroll-speed=\"300\" data-accordion-id=\"4a24957\" data-accordion-type=\"accordion\" data-toogle-speed=\"50\">\n            <div class=\"eael-accordion-list\">\n\t\t\t\t\t<div id=\"painel-5-segurana-ciberntica-proteo-de-dados-e-crimes-cibernticos\" class=\"elementor-tab-title eael-accordion-header\" tabindex=\"0\" data-tab=\"1\" aria-controls=\"elementor-tab-content-7771\"><span class=\"eael-accordion-tab-title\">PANEL 5 \u2013 Cybersecurity, Data Protection, and Cybercrime<\/span><i aria-hidden=\"true\" class=\"fa-toggle fas fa-angle-right\"><\/i><\/div><div id=\"elementor-tab-content-7771\" class=\"eael-accordion-content clearfix\" data-tab=\"1\" aria-labelledby=\"painel-5-segurana-ciberntica-proteo-de-dados-e-crimes-cibernticos\"><p><strong>Cybersecurity, Data Protection, and Cybercrime: Good Practices and Cooperation among Portuguese-Speaking Countries<\/strong><\/p><p>This panel will highlight public policies, legal and regulatory frameworks, and international cooperation mechanisms focused on Cybersecurity, Privacy and Data Protection, and the prevention and combat of cybercrimes, with an emphasis on institutional capacity building and trust-building among States.<\/p><p><span style=\"color: #99ccff\">_______<\/span><\/p><p>Moderation: <strong>Marta Moreira Dias<\/strong>, .PT\/LusNIC, Portugal<\/p><p>Speakers:<\/p><ul><li><strong>Andr\u00e9 Pedro<\/strong> \u2013 INFOSI, Angola<\/li><li><strong>Jo\u00e3o Tomar<\/strong>\u2013 ARME, Cabo Verde<\/li><li><strong>Lino Santos<\/strong> \u2013 CNCS, Portugal<\/li><li><strong>Lourino Chemane<\/strong> \u2013 INTIC, IP, Mo\u00e7ambique<\/li><li><strong>Maria C\u00e2ndida Oliveira<\/strong> \u2013CNPD, Portugal<\/li><li><strong>Rodolfo Avelino<\/strong> \u2013 CGI.br, Brasil<\/li><\/ul><\/div>\n\t\t\t\t\t<\/div><div class=\"eael-accordion-list\">\n\t\t\t\t\t<div id=\"painel-6-identidade-digital-e-interoperabilidade-da-transformao-digital\" class=\"elementor-tab-title eael-accordion-header\" tabindex=\"0\" data-tab=\"2\" aria-controls=\"elementor-tab-content-7772\"><span class=\"eael-accordion-tab-title\">PANEL 6 \u2013 Digital Identity and Interoperability of Digital Transformation<\/span><i aria-hidden=\"true\" class=\"fa-toggle fas fa-angle-right\"><\/i><\/div><div id=\"elementor-tab-content-7772\" class=\"eael-accordion-content clearfix\" data-tab=\"2\" aria-labelledby=\"painel-6-identidade-digital-e-interoperabilidade-da-transformao-digital\"><p><strong>Digital Identity and Interoperability as Catalysts for Digital Transformation: Sharing Good Practices and Cooperation Possibilities<\/strong><\/p><p>The role of Digital Identity as a facilitator of access to digital public and private services will be discussed, as well as the technical challenges and the legal and regulatory framework to ensure Interoperability between National Information Systems, promoting synergies in the Lusophone space in Digital Transformation initiatives, in particular those linked to improving effectiveness and efficiency in the provision of digital services.<\/p><p><span style=\"color: #99ccff\">_______<\/span><\/p><p>Moderation: <span><strong>Manuel Costa Cabral <\/strong>&#8211; ANACOM, Portugal<\/span><\/p><p>Speakers:<\/p><ul><li><strong>Delfina Soares<\/strong> \u2013 UNU-EGOV&#8217;s, Portugal<\/li><li><span><strong>Laisse Mucavele<\/strong> \u2013 INTIC, IP, Mo\u00e7ambique<\/span><\/li><li><strong>Luanna Roncaratti<\/strong> \u2013 Secretaria Adjunta de Governo Digital, Brasil<\/li><li><strong>Manuel Ant\u00f3nio dos Santos<\/strong> \u2013 CEDSIF, Mo\u00e7ambique<\/li><\/ul><\/div>\n\t\t\t\t\t<\/div><\/div>\t\t\t\t<\/div>\n\t\t\t\t<\/div>\n\t\t\t\t<div class=\"elementor-element elementor-element-5236466 elementor-widget elementor-widget-text-editor\" data-id=\"5236466\" data-element_type=\"widget\" data-e-type=\"widget\" data-widget_type=\"text-editor.default\">\n\t\t\t\t<div class=\"elementor-widget-container\">\n\t\t\t\t\t\t\t\t\t<p>Block 4 \u2013 Digital Economy, Innovation and Collaborative Governance<\/p>\t\t\t\t\t\t\t\t<\/div>\n\t\t\t\t<\/div>\n\t\t\t\t<div class=\"elementor-element elementor-element-3d2efde elementor-widget elementor-widget-eael-adv-accordion\" data-id=\"3d2efde\" data-element_type=\"widget\" data-e-type=\"widget\" data-widget_type=\"eael-adv-accordion.default\">\n\t\t\t\t<div class=\"elementor-widget-container\">\n\t\t\t\t\t            <div class=\"eael-adv-accordion\" id=\"eael-adv-accordion-3d2efde\" data-scroll-on-click=\"no\" data-scroll-speed=\"300\" data-accordion-id=\"3d2efde\" data-accordion-type=\"accordion\" data-toogle-speed=\"50\">\n            <div class=\"eael-accordion-list\">\n\t\t\t\t\t<div id=\"painel-7-economia-digital-e-inovao\" class=\"elementor-tab-title eael-accordion-header\" tabindex=\"0\" data-tab=\"1\" aria-controls=\"elementor-tab-content-6411\"><span class=\"eael-accordion-tab-title\">PANEL 7 \u2013 Digital Economy and Innovation<\/span><i aria-hidden=\"true\" class=\"fa-toggle fas fa-angle-right\"><\/i><\/div><div id=\"elementor-tab-content-6411\" class=\"eael-accordion-content clearfix\" data-tab=\"1\" aria-labelledby=\"painel-7-economia-digital-e-inovao\"><p><strong>Digital Economy and Innovation: Driving Economic Development through Digital Technologies<\/strong><\/p><p>This panel will present national and regional policies to foster digital entrepreneurship, the creation of startups, the digitalization of micro, small, and medium-sized enterprises (MSMEs), and the modernization of economies through technological innovation. The role of ccTLDs in developing national initiatives to support the entrepreneurial ecosystem will be particularly highlighted, empowering them and providing them with tools to access digital technologies and their potential. The panel will also assess the potential impact of global geopolitical developments on this ecosystem and the measures to be adopted to mitigate them, if necessary.<\/p><p><span style=\"color: #99ccff\">_______<\/span><\/p><p>Moderation: <strong>Andreia de Brito<\/strong>, .PT, Portugal<\/p><p><strong>Ant\u00f3nio Branco<\/strong> \u2013 Universidade de Lisboa, Portugal<\/p><p>Speakers:<\/p><ul><li><strong>Ad\u00e9rito Pilica<\/strong> \u2013 Banco de Mo\u00e7ambique<\/li><li><strong>Alexandre Nilo Fonseca<\/strong> \u2013 ACEPI, Portugal<\/li><li><strong>Fernanda K Martins<\/strong> &#8211; Funda\u00e7\u00e3o Multitudes, Brasil<\/li><li><span><strong>Jo\u00e3o Pita Costa<\/strong> \u2013 UNESCO, IRCAI<\/span><\/li><li><strong>Jos\u00e9 Casinha<\/strong> \u2013 .PT, Portugal<\/li><li><strong>Lucilene Gomes<\/strong> \u2013 Universidade de Santiago, Cabo Verde<\/li><\/ul><\/div>\n\t\t\t\t\t<\/div><div class=\"eael-accordion-list\">\n\t\t\t\t\t<div id=\"painel-8-participao-multissetorial-na-governao-da-internet\" class=\"elementor-tab-title eael-accordion-header\" tabindex=\"0\" data-tab=\"2\" aria-controls=\"elementor-tab-content-6412\"><span class=\"eael-accordion-tab-title\">PANEL 8 \u2013 Multistakeholder Participation in Internet Governance<\/span><i aria-hidden=\"true\" class=\"fa-toggle fas fa-angle-right\"><\/i><\/div><div id=\"elementor-tab-content-6412\" class=\"eael-accordion-content clearfix\" data-tab=\"2\" aria-labelledby=\"painel-8-participao-multissetorial-na-governao-da-internet\"><p><strong>Multistakeholder Participation in Internet Governance: Strengthening Collaboration among Governments, Civil Society, the Technical Community, Academia, and the Private Sector<\/strong><\/p><p>The importance of inclusive Internet governance models will be discussed, with the participation of multiple stakeholders, particularly those from the private and public sectors, academia, civil society, and the technical community. The panel will also focus on the African continent and the important role of young people. The panel will aim to formulate sustainable digital policies that address the concerns and interests of all segments of society, particularly young people and women, and are adapted to the realities of each Portuguese-speaking country. This panel will also address the potential synergies and impacts of ongoing processes such as the Pacto do Futuro, NET-mundial+10, and WSIS+20, in achieving the objectives of the Lusophone Internet Governance Forum.<\/p><p><span style=\"color: #99ccff\">_______<\/span><\/p><p>Moderation: <strong>Bia Barbosa<\/strong> &#8211; CGI.br, Brasil<\/p><p>Speakers:<\/p><ul><li><strong>Ana Cristina Neves<\/strong> \u2013 FCT\/FCCN, Portugal<\/li><li><strong>Cl\u00e1udia Mendes Silva<\/strong> \u2013 Women in Tech\/Siemens, Portugal<\/li><li><strong>Eug\u00e9nio Macumbe<\/strong> \u2013 INTIC, IP, Mo\u00e7ambique<\/li><li><strong>Gisela In\u00e1cio<\/strong> &#8211; MINTTICS, Angola<\/li><li><strong>Renata Mielli<\/strong> \u2013 CGI.br\/MCTI, Brasil<\/li><li><strong>Suzete Centeio Pereira<\/strong> \u2013 ARME, Cabo Verde<\/li><\/ul><\/div>\n\t\t\t\t\t<\/div><div class=\"eael-accordion-list\">\n\t\t\t\t\t<div id=\"sesso-de-encerramento\" class=\"elementor-tab-title eael-accordion-header\" tabindex=\"0\" data-tab=\"3\" aria-controls=\"elementor-tab-content-6413\"><span class=\"eael-accordion-tab-title\">Closing Session<\/span><i aria-hidden=\"true\" class=\"fa-toggle fas fa-angle-right\"><\/i><\/div><div id=\"elementor-tab-content-6413\" class=\"eael-accordion-content clearfix\" data-tab=\"3\" aria-labelledby=\"sesso-de-encerramento\"><ul><li><strong>Alexander Gentil<\/strong> <strong>\u2013 <\/strong><span>AGER, S\u00e3o Tom\u00e9 e Pr\u00edncipe<\/span><\/li><li><strong>Andr\u00e9 Pedro<\/strong> \u2013 INFOSI, Angola<\/li><li><strong>Jo\u00e3o Tomar<\/strong> &#8211; ARME, Cabo Verde<\/li><li><strong>Luisa Ribeiro Lopes<\/strong> &#8211; .PT, Portugal<\/li><li><strong>Rafael Evangelista<\/strong> \u2013 CGI.br\/Unicamp, Brasil<\/li><li><strong>Closing Remarks<\/strong> by <strong>Exmo. Senhor Lourino Chemane<\/strong> \u2013 INTIC, IP, Mo\u00e7ambique<\/li><li><strong>A moment to read Maputo's Letter<\/strong><\/li><\/ul><\/div>\n\t\t\t\t\t<\/div><\/div>\t\t\t\t<\/div>\n\t\t\t\t<\/div>\n\t\t\t\t<div class=\"elementor-element elementor-element-98452a7 elementor-widget elementor-widget-spacer\" data-id=\"98452a7\" data-element_type=\"widget\" data-e-type=\"widget\" data-widget_type=\"spacer.default\">\n\t\t\t\t<div class=\"elementor-widget-container\">\n\t\t\t\t\t\t\t<div class=\"elementor-spacer\">\n\t\t\t<div class=\"elementor-spacer-inner\"><\/div>\n\t\t<\/div>\n\t\t\t\t\t\t<\/div>\n\t\t\t\t<\/div>\n\t\t\t\t\t<\/div>\n\t\t<\/div>\n\t\t\t\t\t<\/div>\n\t\t<\/section>\n\t\t\t\t<section class=\"elementor-section elementor-top-section elementor-element elementor-element-0493e8c elementor-section-boxed elementor-section-height-default elementor-section-height-default\" data-id=\"0493e8c\" data-element_type=\"section\" data-e-type=\"section\">\n\t\t\t\t\t\t<div class=\"elementor-container elementor-column-gap-default\">\n\t\t\t\t\t<div class=\"elementor-column elementor-col-100 elementor-top-column elementor-element elementor-element-84326dc\" data-id=\"84326dc\" data-element_type=\"column\" data-e-type=\"column\">\n\t\t\t<div class=\"elementor-widget-wrap elementor-element-populated\">\n\t\t\t\t\t\t<div class=\"elementor-element elementor-element-f29ca4e elementor-widget elementor-widget-spacer\" data-id=\"f29ca4e\" data-element_type=\"widget\" data-e-type=\"widget\" data-widget_type=\"spacer.default\">\n\t\t\t\t<div class=\"elementor-widget-container\">\n\t\t\t\t\t\t\t<div class=\"elementor-spacer\">\n\t\t\t<div class=\"elementor-spacer-inner\"><\/div>\n\t\t<\/div>\n\t\t\t\t\t\t<\/div>\n\t\t\t\t<\/div>\n\t\t\t\t<div class=\"elementor-element elementor-element-2297d8a elementor-widget-mobile__width-initial elementor-widget__width-inherit elementor-widget elementor-widget-image-carousel\" data-id=\"2297d8a\" data-element_type=\"widget\" data-e-type=\"widget\" data-settings=\"{&quot;slides_to_show&quot;:&quot;2&quot;,&quot;slides_to_scroll&quot;:&quot;2&quot;,&quot;navigation&quot;:&quot;none&quot;,&quot;lazyload&quot;:&quot;yes&quot;,&quot;pause_on_interaction&quot;:&quot;no&quot;,&quot;autoplay_speed&quot;:2000,&quot;speed&quot;:800,&quot;image_spacing_custom&quot;:{&quot;unit&quot;:&quot;px&quot;,&quot;size&quot;:0,&quot;sizes&quot;:[]},&quot;autoplay&quot;:&quot;yes&quot;,&quot;pause_on_hover&quot;:&quot;yes&quot;,&quot;infinite&quot;:&quot;yes&quot;,&quot;image_spacing_custom_tablet&quot;:{&quot;unit&quot;:&quot;px&quot;,&quot;size&quot;:&quot;&quot;,&quot;sizes&quot;:[]},&quot;image_spacing_custom_mobile&quot;:{&quot;unit&quot;:&quot;px&quot;,&quot;size&quot;:&quot;&quot;,&quot;sizes&quot;:[]}}\" data-widget_type=\"image-carousel.default\">\n\t\t\t\t<div class=\"elementor-widget-container\">\n\t\t\t\t\t\t\t<div class=\"elementor-image-carousel-wrapper swiper\" role=\"region\" aria-roledescription=\"carousel\" aria-label=\"Image Carousel\" dir=\"ltr\">\n\t\t\t<div class=\"elementor-image-carousel swiper-wrapper swiper-image-stretch\" aria-live=\"off\">\n\t\t\t\t\t\t\t\t<div class=\"swiper-slide\" role=\"group\" aria-roledescription=\"slide\" aria-label=\"1 of 3\"><figure class=\"swiper-slide-inner\"><img class=\"swiper-slide-image swiper-lazy\" data-src=\"https:\/\/igf-lusofonia.pt\/wp-content\/uploads\/2025\/09\/Edicao-2025-IMG01.png\" alt=\"Audit\u00f3rio decorado para o F\u00f3rum Lus\u00f3fono da Governa\u00e7\u00e3o da Internet de 2025\" \/><div class=\"swiper-lazy-preloader\"><\/div><\/figure><\/div><div class=\"swiper-slide\" role=\"group\" aria-roledescription=\"slide\" aria-label=\"2 of 3\"><figure class=\"swiper-slide-inner\"><img class=\"swiper-slide-image swiper-lazy\" data-src=\"https:\/\/igf-lusofonia.pt\/wp-content\/uploads\/2025\/09\/Edicao-2025-IMG02.png\" alt=\"Moderadora e oradores Painel 01 em palco\" \/><div class=\"swiper-lazy-preloader\"><\/div><\/figure><\/div><div class=\"swiper-slide\" role=\"group\" aria-roledescription=\"slide\" aria-label=\"3 of 3\"><figure class=\"swiper-slide-inner\"><img class=\"swiper-slide-image swiper-lazy\" data-src=\"https:\/\/igf-lusofonia.pt\/wp-content\/uploads\/2025\/09\/Edicao-2025-IMG03.png\" alt=\"Moderadora e oradores do painel 05 em placo\" \/><div class=\"swiper-lazy-preloader\"><\/div><\/figure><\/div>\t\t\t<\/div>\n\t\t\t\t\t\t\t\n\t\t\t\t\t\t\t\t\t<\/div>\n\t\t\t\t\t\t<\/div>\n\t\t\t\t<\/div>\n\t\t\t\t<div class=\"elementor-element elementor-element-e756b46 elementor-widget elementor-widget-spacer\" data-id=\"e756b46\" data-element_type=\"widget\" data-e-type=\"widget\" data-widget_type=\"spacer.default\">\n\t\t\t\t<div class=\"elementor-widget-container\">\n\t\t\t\t\t\t\t<div class=\"elementor-spacer\">\n\t\t\t<div class=\"elementor-spacer-inner\"><\/div>\n\t\t<\/div>\n\t\t\t\t\t\t<\/div>\n\t\t\t\t<\/div>\n\t\t\t\t\t<\/div>\n\t\t<\/div>\n\t\t\t\t\t<\/div>\n\t\t<\/section>\n\t\t\t\t<section class=\"elementor-section elementor-top-section elementor-element elementor-element-e9255d3 elementor-section-boxed elementor-section-height-default elementor-section-height-default\" data-id=\"e9255d3\" data-element_type=\"section\" data-e-type=\"section\">\n\t\t\t\t\t\t<div class=\"elementor-container elementor-column-gap-default\">\n\t\t\t\t\t<div class=\"elementor-column elementor-col-100 elementor-top-column elementor-element elementor-element-35f4813\" data-id=\"35f4813\" data-element_type=\"column\" data-e-type=\"column\">\n\t\t\t<div class=\"elementor-widget-wrap elementor-element-populated\">\n\t\t\t\t\t\t<div class=\"elementor-element elementor-element-7143655 elementor-widget elementor-widget-heading\" data-id=\"7143655\" data-element_type=\"widget\" data-e-type=\"widget\" data-widget_type=\"heading.default\">\n\t\t\t\t<div class=\"elementor-widget-container\">\n\t\t\t\t\t<h1 class=\"elementor-heading-title elementor-size-default\">Editions<\/h1>\t\t\t\t<\/div>\n\t\t\t\t<\/div>\n\t\t\t\t\t<\/div>\n\t\t<\/div>\n\t\t\t\t\t<\/div>\n\t\t<\/section>\n\t\t\t\t<section class=\"elementor-section elementor-top-section elementor-element elementor-element-c87df50 elementor-section-boxed elementor-section-height-default elementor-section-height-default\" data-id=\"c87df50\" data-element_type=\"section\" data-e-type=\"section\">\n\t\t\t\t\t\t<div class=\"elementor-container elementor-column-gap-default\">\n\t\t\t\t\t<div class=\"elementor-column elementor-col-100 elementor-top-column elementor-element elementor-element-b3ba883\" data-id=\"b3ba883\" data-element_type=\"column\" data-e-type=\"column\">\n\t\t\t<div class=\"elementor-widget-wrap elementor-element-populated\">\n\t\t\t\t\t\t<div class=\"elementor-element elementor-element-0259faf elementor-widget elementor-widget-spacer\" data-id=\"0259faf\" data-element_type=\"widget\" data-e-type=\"widget\" data-widget_type=\"spacer.default\">\n\t\t\t\t<div class=\"elementor-widget-container\">\n\t\t\t\t\t\t\t<div class=\"elementor-spacer\">\n\t\t\t<div class=\"elementor-spacer-inner\"><\/div>\n\t\t<\/div>\n\t\t\t\t\t\t<\/div>\n\t\t\t\t<\/div>\n\t\t\t\t<div class=\"elementor-element elementor-element-65f501a elementor-skin-carousel elementor-pagination-type-bullets elementor-pagination-position-outside elementor-widget elementor-widget-media-carousel\" data-id=\"65f501a\" data-element_type=\"widget\" data-e-type=\"widget\" data-settings=\"{&quot;slides_per_view_tablet&quot;:&quot;3&quot;,&quot;space_between_tablet&quot;:{&quot;unit&quot;:&quot;px&quot;,&quot;size&quot;:0,&quot;sizes&quot;:[]},&quot;space_between_mobile&quot;:{&quot;unit&quot;:&quot;px&quot;,&quot;size&quot;:0,&quot;sizes&quot;:[]},&quot;autoplay_speed&quot;:2500,&quot;space_between&quot;:{&quot;unit&quot;:&quot;px&quot;,&quot;size&quot;:&quot;&quot;,&quot;sizes&quot;:[]},&quot;skin&quot;:&quot;carousel&quot;,&quot;effect&quot;:&quot;slide&quot;,&quot;pagination&quot;:&quot;bullets&quot;,&quot;speed&quot;:500,&quot;autoplay&quot;:&quot;yes&quot;,&quot;loop&quot;:&quot;yes&quot;,&quot;pause_on_hover&quot;:&quot;yes&quot;,&quot;pause_on_interaction&quot;:&quot;yes&quot;}\" data-widget_type=\"media-carousel.default\">\n\t\t\t\t<div class=\"elementor-widget-container\">\n\t\t\t\t\t\t\t\t\t<div class=\"elementor-swiper\">\n\t\t\t\t\t<div class=\"elementor-main-swiper swiper\" role=\"region\" aria-roledescription=\"carousel\" aria-label=\"Slides\">\n\t\t\t\t<div class=\"swiper-wrapper\">\n\t\t\t\t\t\t\t\t\t\t\t<div class=\"swiper-slide\" role=\"group\" aria-roledescription=\"slide\">\n\t\t\t\t\t\t\t\t\t<div class=\"elementor-carousel-image\" role=\"img\" aria-label=\"Logo F\u00f3rum Lus\u00f3fono da Governa\u00e7\u00e3o da Internet de 2026\" style=\"background-image: url(&#039;https:\/\/igf-lusofonia.pt\/wp-content\/uploads\/2024\/11\/Edicao-2026.png&#039;)\">\n\n\t\t\t\n\t\t\t\t\t<\/div>\n\t\t\t\t\t\t\t\t<\/div>\n\t\t\t\t\t\t\t\t\t\t\t<div class=\"swiper-slide\" role=\"group\" aria-roledescription=\"slide\">\n\t\t\t\t\t\t\t<a href=\"https:\/\/igf-lusofonia.pt\/en\/2025-edicao\/\">\t\t<div class=\"elementor-carousel-image\" role=\"img\" aria-label=\"Fundo do audit\u00f3rio e logo do F\u00f3rum Lus\u00f3fono da Governa\u00e7\u00e3o da Internet de 2025\" style=\"background-image: url(&#039;https:\/\/igf-lusofonia.pt\/wp-content\/uploads\/2025\/09\/Edicao-2025.png&#039;)\">\n\n\t\t\t\n\t\t\t\t\t<\/div>\n\t\t<\/a>\t\t\t\t\t\t<\/div>\n\t\t\t\t\t\t\t\t\t\t\t<div class=\"swiper-slide\" role=\"group\" aria-roledescription=\"slide\">\n\t\t\t\t\t\t\t<a href=\"https:\/\/igf-lusofonia.pt\/en\/2024-edicao\/\">\t\t<div class=\"elementor-carousel-image\" role=\"img\" aria-label=\"Fundo com oradores da edi\u00e7\u00e3o de 2024 e logo do F\u00f3rum Lus\u00f3fono da Governa\u00e7\u00e3o da Internet\" style=\"background-image: url(&#039;https:\/\/igf-lusofonia.pt\/wp-content\/uploads\/2024\/11\/Edicao-2024.png&#039;)\">\n\n\t\t\t\n\t\t\t\t\t<\/div>\n\t\t<\/a>\t\t\t\t\t\t<\/div>\n\t\t\t\t\t\t\t\t\t\t\t<div class=\"swiper-slide\" role=\"group\" aria-roledescription=\"slide\">\n\t\t\t\t\t\t\t<a href=\"https:\/\/igf-lusofonia.pt\/en\/2023-edicao\/\">\t\t<div class=\"elementor-carousel-image\" role=\"img\" aria-label=\"Fundo com oradores da edi\u00e7\u00e3o de 2023 e logo do F\u00f3rum Lus\u00f3fono da Governa\u00e7\u00e3o da Internet\" style=\"background-image: url(&#039;https:\/\/igf-lusofonia.pt\/wp-content\/uploads\/2024\/11\/Edicao-2023-1.png&#039;)\">\n\n\t\t\t\n\t\t\t\t\t<\/div>\n\t\t<\/a>\t\t\t\t\t\t<\/div>\n\t\t\t\t\t\t\t\t\t<\/div>\n\t\t\t\t\t\t\t\t\t\t\t\t\t\t\t\t\t\t\t\t<div class=\"swiper-pagination\"><\/div>\n\t\t\t\t\t\t\t\t\t\t\t\t<\/div>\n\t\t\t\t<\/div>\n\t\t\t\t\t\t\t\t<\/div>\n\t\t\t\t<\/div>\n\t\t\t\t\t<\/div>\n\t\t<\/div>\n\t\t\t\t\t<\/div>\n\t\t<\/section>\n\t\t\t\t<section class=\"elementor-section elementor-top-section elementor-element elementor-element-1dc76c3 elementor-section-boxed elementor-section-height-default elementor-section-height-default\" data-id=\"1dc76c3\" data-element_type=\"section\" data-e-type=\"section\">\n\t\t\t\t\t\t<div class=\"elementor-container elementor-column-gap-default\">\n\t\t\t\t\t<div class=\"elementor-column elementor-col-100 elementor-top-column elementor-element elementor-element-c77822f\" data-id=\"c77822f\" data-element_type=\"column\" data-e-type=\"column\">\n\t\t\t<div class=\"elementor-widget-wrap elementor-element-populated\">\n\t\t\t\t\t\t<div class=\"elementor-element elementor-element-cb304c2 elementor-widget elementor-widget-spacer\" data-id=\"cb304c2\" data-element_type=\"widget\" data-e-type=\"widget\" data-widget_type=\"spacer.default\">\n\t\t\t\t<div class=\"elementor-widget-container\">\n\t\t\t\t\t\t\t<div class=\"elementor-spacer\">\n\t\t\t<div class=\"elementor-spacer-inner\"><\/div>\n\t\t<\/div>\n\t\t\t\t\t\t<\/div>\n\t\t\t\t<\/div>\n\t\t\t\t\t<\/div>\n\t\t<\/div>\n\t\t\t\t\t<\/div>\n\t\t<\/section>\n\t\t\t\t<section class=\"elementor-section elementor-top-section elementor-element elementor-element-1482ea1 elementor-section-boxed elementor-section-height-default elementor-section-height-default\" data-id=\"1482ea1\" data-element_type=\"section\" data-e-type=\"section\">\n\t\t\t\t\t\t<div class=\"elementor-container elementor-column-gap-default\">\n\t\t\t\t\t<div class=\"elementor-column elementor-col-100 elementor-top-column elementor-element elementor-element-86987bd\" data-id=\"86987bd\" data-element_type=\"column\" data-e-type=\"column\">\n\t\t\t<div class=\"elementor-widget-wrap elementor-element-populated\">\n\t\t\t\t\t\t<div class=\"elementor-element elementor-element-7f45f6f elementor-widget elementor-widget-text-editor\" data-id=\"7f45f6f\" data-element_type=\"widget\" data-e-type=\"widget\" data-widget_type=\"text-editor.default\">\n\t\t\t\t<div class=\"elementor-widget-container\">\n\t\t\t\t\t\t\t\t\t<p>Organizers 2025:<\/p>\t\t\t\t\t\t\t\t<\/div>\n\t\t\t\t<\/div>\n\t\t\t\t<div class=\"elementor-element elementor-element-5aa89b8 elementor-grid-9 elementor-grid-tablet-5 elementor-grid-mobile-3 elementor-widget elementor-widget-pp-logo-grid\" data-id=\"5aa89b8\" data-element_type=\"widget\" data-e-type=\"widget\" data-widget_type=\"pp-logo-grid.default\">\n\t\t\t\t<div class=\"elementor-widget-container\">\n\t\t\t\t\t\t\t<div class=\"pp-logo-grid elementor-grid\">\n\t\t\t\t\t\t\t\t<div class=\"elementor-grid-item elementor-repeater-item-47199af\">\n\t\t\t\t\t\t<div class=\"pp-logo-wrap\">\n\t\t\t\t\t\t\t\t\t\t\t\t\t<a href=\"https:\/\/lusnic.org\/pt\/\" target=\"_blank\">\n\t\t\t\t\t\t\t<img decoding=\"async\" src=\"https:\/\/igf-lusofonia.pt\/wp-content\/uploads\/2025\/09\/LusNIC.png\" alt=\"Logo associa\u00e7\u00e3o LusNIC\" \/>\t\t\t\t\t\t\t<\/a>\n\t\t\t\t\t\t\t\t\t\t\t\t\t<\/div>\n\t\t\t\t\t\t\t\t\t\t\t<\/div>\n\t\t\t\t\t\t\t\t\t\t<div class=\"elementor-grid-item elementor-repeater-item-59f4817\">\n\t\t\t\t\t\t<div class=\"pp-logo-wrap\">\n\t\t\t\t\t\t\t\t\t\t\t\t\t<a href=\"https:\/\/lusnic.org\/pt\/\" target=\"_blank\">\n\t\t\t\t\t\t\t<img decoding=\"async\" src=\"https:\/\/igf-lusofonia.pt\/wp-content\/uploads\/2025\/09\/10anos.png\" alt=\"Logo comemorativo do 10\u00ba anivers\u00e1rio da LusNIC\" \/>\t\t\t\t\t\t\t<\/a>\n\t\t\t\t\t\t\t\t\t\t\t\t\t<\/div>\n\t\t\t\t\t\t\t\t\t\t\t<\/div>\n\t\t\t\t\t\t\t\t\t\t<div class=\"elementor-grid-item elementor-repeater-item-07661b6\">\n\t\t\t\t\t\t<div class=\"pp-logo-wrap\">\n\t\t\t\t\t\t\t\t\t\t\t\t\t<a href=\"https:\/\/lusnic.org\/pt\/\" target=\"_blank\">\n\t\t\t\t\t\t\t<img decoding=\"async\" src=\"https:\/\/igf-lusofonia.pt\/wp-content\/uploads\/2024\/07\/01.png\" alt=\"Logo ANACOM\" \/>\t\t\t\t\t\t\t<\/a>\n\t\t\t\t\t\t\t\t\t\t\t\t\t<\/div>\n\t\t\t\t\t\t\t\t\t\t\t<\/div>\n\t\t\t\t\t\t\t\t\t\t<div class=\"elementor-grid-item elementor-repeater-item-55958a6\">\n\t\t\t\t\t\t<div class=\"pp-logo-wrap\">\n\t\t\t\t\t\t\t\t\t\t\t\t\t<a href=\"https:\/\/www.arme.cv\/\" target=\"_blank\">\n\t\t\t\t\t\t\t<img decoding=\"async\" src=\"https:\/\/igf-lusofonia.pt\/wp-content\/uploads\/2024\/07\/02.png\" alt=\"Logo ARME\" \/>\t\t\t\t\t\t\t<\/a>\n\t\t\t\t\t\t\t\t\t\t\t\t\t<\/div>\n\t\t\t\t\t\t\t\t\t\t\t<\/div>\n\t\t\t\t\t\t\t\t\t\t<div class=\"elementor-grid-item elementor-repeater-item-0c1c636\">\n\t\t\t\t\t\t<div class=\"pp-logo-wrap\">\n\t\t\t\t\t\t\t\t\t\t\t\t\t<a href=\"https:\/\/cgi.br\/\" target=\"_blank\">\n\t\t\t\t\t\t\t<img decoding=\"async\" src=\"https:\/\/igf-lusofonia.pt\/wp-content\/uploads\/2024\/07\/03.png\" alt=\"Logo CGI.br\" \/>\t\t\t\t\t\t\t<\/a>\n\t\t\t\t\t\t\t\t\t\t\t\t\t<\/div>\n\t\t\t\t\t\t\t\t\t\t\t<\/div>\n\t\t\t\t\t\t\t\t\t\t<div class=\"elementor-grid-item elementor-repeater-item-6c2f9b9\">\n\t\t\t\t\t\t<div class=\"pp-logo-wrap\">\n\t\t\t\t\t\t\t\t\t\t\t\t\t<a href=\"https:\/\/www.fct.pt\/\" target=\"_blank\">\n\t\t\t\t\t\t\t<img decoding=\"async\" src=\"https:\/\/igf-lusofonia.pt\/wp-content\/uploads\/2024\/07\/logo_fct.png\" alt=\"Logo Funda\u00e7\u00e3o para a Ci\u00eancia e a Tecnologia\" \/>\t\t\t\t\t\t\t<\/a>\n\t\t\t\t\t\t\t\t\t\t\t\t\t<\/div>\n\t\t\t\t\t\t\t\t\t\t\t<\/div>\n\t\t\t\t\t\t\t\t\t\t<div class=\"elementor-grid-item elementor-repeater-item-75a0db9\">\n\t\t\t\t\t\t<div class=\"pp-logo-wrap\">\n\t\t\t\t\t\t\t\t\t\t\t\t\t<a href=\"https:\/\/www.pt.pt\/pt\/\" target=\"_blank\">\n\t\t\t\t\t\t\t<img decoding=\"async\" src=\"https:\/\/igf-lusofonia.pt\/wp-content\/uploads\/2024\/07\/00.png\" alt=\"Logo .PT\" \/>\t\t\t\t\t\t\t<\/a>\n\t\t\t\t\t\t\t\t\t\t\t\t\t<\/div>\n\t\t\t\t\t\t\t\t\t\t\t<\/div>\n\t\t\t\t\t\t\t\t\t\t<div class=\"elementor-grid-item elementor-repeater-item-2428662\">\n\t\t\t\t\t\t<div class=\"pp-logo-wrap\">\n\t\t\t\t\t\t\t\t\t\t\t\t\t<a href=\"https:\/\/www.nic.br\/\" target=\"_blank\">\n\t\t\t\t\t\t\t<img decoding=\"async\" src=\"https:\/\/igf-lusofonia.pt\/wp-content\/uploads\/2024\/07\/06.png\" alt=\"Logo NIC.br\" \/>\t\t\t\t\t\t\t<\/a>\n\t\t\t\t\t\t\t\t\t\t\t\t\t<\/div>\n\t\t\t\t\t\t\t\t\t\t\t<\/div>\n\t\t\t\t\t\t\t\t\t\t<div class=\"elementor-grid-item elementor-repeater-item-f951973\">\n\t\t\t\t\t\t<div class=\"pp-logo-wrap\">\n\t\t\t\t\t\t<img decoding=\"async\" src=\"https:\/\/igf-lusofonia.pt\/wp-content\/uploads\/2024\/07\/04.png\" alt=\"Logo INTIC\" \/>\t\t\t\t\t\t<\/div>\n\t\t\t\t\t\t\t\t\t\t\t<\/div>\n\t\t\t\t\t\t\t<\/div>\n\t\t\t\t\t\t<\/div>\n\t\t\t\t<\/div>\n\t\t\t\t<div class=\"elementor-element elementor-element-e160c98 elementor-widget elementor-widget-text-editor\" data-id=\"e160c98\" data-element_type=\"widget\" data-e-type=\"widget\" data-widget_type=\"text-editor.default\">\n\t\t\t\t<div class=\"elementor-widget-container\">\n\t\t\t\t\t\t\t\t\t<p>Partners:<\/p>\t\t\t\t\t\t\t\t<\/div>\n\t\t\t\t<\/div>\n\t\t\t\t<div class=\"elementor-element elementor-element-e2f5ceb elementor-grid-1 elementor-grid-tablet-5 elementor-grid-mobile-3 elementor-widget elementor-widget-pp-logo-grid\" data-id=\"e2f5ceb\" data-element_type=\"widget\" data-e-type=\"widget\" data-widget_type=\"pp-logo-grid.default\">\n\t\t\t\t<div class=\"elementor-widget-container\">\n\t\t\t\t\t\t\t<div class=\"pp-logo-grid elementor-grid\">\n\t\t\t\t\t\t\t\t<div class=\"elementor-grid-item elementor-repeater-item-4e3ce9c\">\n\t\t\t\t\t\t<div class=\"pp-logo-wrap\">\n\t\t\t\t\t\t\t\t\t\t\t\t\t<a href=\"https:\/\/igfsa.org\/\" target=\"_blank\">\n\t\t\t\t\t\t\t<img decoding=\"async\" src=\"https:\/\/igf-lusofonia.pt\/wp-content\/uploads\/2025\/09\/IGFSA.png\" alt=\"Logo Internet Governance Forum Support Association\" \/>\t\t\t\t\t\t\t<\/a>\n\t\t\t\t\t\t\t\t\t\t\t\t\t<\/div>\n\t\t\t\t\t\t\t\t\t\t\t<\/div>\n\t\t\t\t\t\t\t<\/div>\n\t\t\t\t\t\t<\/div>\n\t\t\t\t<\/div>\n\t\t\t\t<div class=\"elementor-element elementor-element-1c743a3 elementor-widget elementor-widget-spacer\" data-id=\"1c743a3\" data-element_type=\"widget\" data-e-type=\"widget\" data-widget_type=\"spacer.default\">\n\t\t\t\t<div class=\"elementor-widget-container\">\n\t\t\t\t\t\t\t<div class=\"elementor-spacer\">\n\t\t\t<div class=\"elementor-spacer-inner\"><\/div>\n\t\t<\/div>\n\t\t\t\t\t\t<\/div>\n\t\t\t\t<\/div>\n\t\t\t\t\t<\/div>\n\t\t<\/div>\n\t\t\t\t\t<\/div>\n\t\t<\/section>\n\t\t\t\t<section class=\"elementor-section elementor-top-section elementor-element elementor-element-1f2cbea elementor-section-full_width elementor-hidden-desktop elementor-hidden-tablet elementor-hidden-mobile elementor-section-height-default elementor-section-height-default\" data-id=\"1f2cbea\" data-element_type=\"section\" data-e-type=\"section\">\n\t\t\t\t\t\t<div class=\"elementor-container elementor-column-gap-default\">\n\t\t\t\t\t<div class=\"elementor-column elementor-col-50 elementor-top-column elementor-element elementor-element-1999700\" data-id=\"1999700\" data-element_type=\"column\" data-e-type=\"column\">\n\t\t\t<div class=\"elementor-widget-wrap elementor-element-populated\">\n\t\t\t\t\t\t<div class=\"elementor-element elementor-element-1639702 elementor-widget__width-auto elementor-widget elementor-widget-text-editor\" data-id=\"1639702\" data-element_type=\"widget\" data-e-type=\"widget\" data-widget_type=\"text-editor.default\">\n\t\t\t\t<div class=\"elementor-widget-container\">\n\t\t\t\t\t\t\t\t\t<p>September 22<\/p>\t\t\t\t\t\t\t\t<\/div>\n\t\t\t\t<\/div>\n\t\t\t\t<div class=\"elementor-element elementor-element-3fb2066 elementor-widget elementor-widget-heading\" data-id=\"3fb2066\" data-element_type=\"widget\" data-e-type=\"widget\" data-widget_type=\"heading.default\">\n\t\t\t\t<div class=\"elementor-widget-container\">\n\t\t\t\t\t<h2 class=\"elementor-heading-title elementor-size-default\">Bloco 1- Acesso, Inclus\u00e3o e Diversidade na Lusofonia Digital<\/h2>\t\t\t\t<\/div>\n\t\t\t\t<\/div>\n\t\t\t\t<div class=\"elementor-element elementor-element-46c13cd elementor-tabs-view-horizontal elementor-widget elementor-widget-tabs\" data-id=\"46c13cd\" data-element_type=\"widget\" data-e-type=\"widget\" data-widget_type=\"tabs.default\">\n\t\t\t\t<div class=\"elementor-widget-container\">\n\t\t\t\t\t\t\t<div class=\"elementor-tabs\">\n\t\t\t<div class=\"elementor-tabs-wrapper\" role=\"tablist\" >\n\t\t\t\t\t\t\t\t\t<div id=\"elementor-tab-title-7411\" class=\"elementor-tab-title elementor-tab-desktop-title\" aria-selected=\"true\" data-tab=\"1\" role=\"tab\" tabindex=\"0\" aria-controls=\"elementor-tab-content-7411\" aria-expanded=\"false\">Abertura<\/div>\n\t\t\t\t\t\t\t\t\t<div id=\"elementor-tab-title-7412\" class=\"elementor-tab-title elementor-tab-desktop-title\" aria-selected=\"false\" data-tab=\"2\" role=\"tab\" tabindex=\"-1\" aria-controls=\"elementor-tab-content-7412\" aria-expanded=\"false\">Panel 1<\/div>\n\t\t\t\t\t\t\t\t\t<div id=\"elementor-tab-title-7413\" class=\"elementor-tab-title elementor-tab-desktop-title\" aria-selected=\"false\" data-tab=\"3\" role=\"tab\" tabindex=\"-1\" aria-controls=\"elementor-tab-content-7413\" aria-expanded=\"false\">Panel 2<\/div>\n\t\t\t\t\t\t\t<\/div>\n\t\t\t<div class=\"elementor-tabs-content-wrapper\" role=\"tablist\" aria-orientation=\"vertical\">\n\t\t\t\t\t\t\t\t\t<div class=\"elementor-tab-title elementor-tab-mobile-title\" aria-selected=\"true\" data-tab=\"1\" role=\"tab\" tabindex=\"0\" aria-controls=\"elementor-tab-content-7411\" aria-expanded=\"false\">Abertura<\/div>\n\t\t\t\t\t<div id=\"elementor-tab-content-7411\" class=\"elementor-tab-content elementor-clearfix\" data-tab=\"1\" role=\"tabpanel\" aria-labelledby=\"elementor-tab-title-7411\" tabindex=\"0\" hidden=\"false\"><p>09h00 &#8211; 09h45<\/p><p style=\"text-align: left;\"><span style=\"color: #99ccff;\">_______<\/span><\/p><ul><li><strong>Alexander Gentil<\/strong> <strong>\u2013 <\/strong><span data-teams=\"true\">AGER, S\u00e3o Tom\u00e9 e Pr\u00edncipe<\/span><\/li><li><strong>Andr\u00e9 Pedro<\/strong> \u2013 INFOSI, Angol<\/li><li><strong>Leonilde Santos<\/strong> &#8211; ARME, Cabo Verde<\/li><li><strong>Marta Moreira Dias<\/strong> &#8211; LusNIC\/.PT, Portugal<\/li><li><strong>Rafael Evangelista<\/strong> \u2013 CGI.br\/Unicamp, Brasil<\/li><li><strong>Lourino Chemane<\/strong> \u2013 INTIC, IP, Mo\u00e7ambique<\/li><li><strong>Opening Remarks <\/strong>by <strong>Exma. Senhora Nilza Miquidade<\/strong> \u2013 MCTD, Mo\u00e7ambique\u00a0<\/li><\/ul><\/div>\n\t\t\t\t\t\t\t\t\t<div class=\"elementor-tab-title elementor-tab-mobile-title\" aria-selected=\"false\" data-tab=\"2\" role=\"tab\" tabindex=\"-1\" aria-controls=\"elementor-tab-content-7412\" aria-expanded=\"false\">Panel 1<\/div>\n\t\t\t\t\t<div id=\"elementor-tab-content-7412\" class=\"elementor-tab-content elementor-clearfix\" data-tab=\"2\" role=\"tabpanel\" aria-labelledby=\"elementor-tab-title-7412\" tabindex=\"0\" hidden=\"hidden\"><p>11h00 &#8211; 12h30<\/p><p><strong>Digital Inclusion in Portuguese-Speaking Countries: Strategies to Reduce Digital Exclusion and Promote Universal Internet Access<\/strong><\/p><p>This panel will address national and regional initiatives aimed at combating digital exclusion, focusing on connectivity in remote areas, digital empowerment of the population, and the development of accessible and sustainable infrastructure.<\/p><p><span style=\"color: #99ccff;\">_______<\/span><\/p><p>Moderation: <strong>Luisa Ribeiro Lopes<\/strong> &#8211; .PT, Portugal<\/p><p>Speakers:<\/p><ul><li><strong>Ca\u00edque Azael<\/strong> &#8211; Wiki Favelas, Brasil<\/li><li><strong>Helena Fernandes<\/strong><strong>\u00a0<\/strong>\u2013 INCM, Mo\u00e7ambique<\/li><li><strong>Leonilde Santos<\/strong> \u2013 ARME, Cabo Verde<\/li><li><strong>Manuella Maia Ribeiro<\/strong> \u2013 CETIC.br, Brasil<\/li><li><strong>Sandra Martins<\/strong> \u2013 .PT, Portugal<\/li><\/ul><\/div>\n\t\t\t\t\t\t\t\t\t<div class=\"elementor-tab-title elementor-tab-mobile-title\" aria-selected=\"false\" data-tab=\"3\" role=\"tab\" tabindex=\"-1\" aria-controls=\"elementor-tab-content-7413\" aria-expanded=\"false\">Panel 2<\/div>\n\t\t\t\t\t<div id=\"elementor-tab-content-7413\" class=\"elementor-tab-content elementor-clearfix\" data-tab=\"3\" role=\"tabpanel\" aria-labelledby=\"elementor-tab-title-7413\" tabindex=\"0\" hidden=\"hidden\"><p>13h30 &#8211; 14h20<\/p><p><strong>Linguistic and Cultural Diversity on the Internet: Challenges and Opportunities for the Portuguese Language in the Digital Environment<\/strong><\/p><p>The role of the Portuguese language in the global digital space, the obstacles to its integration into emerging technologies, and the opportunities for expansion through the creation of content, digital tools, and innovative language policies will be discussed.<\/p><p><span style=\"color: #99ccff;\">_______<\/span><\/p><p>Moderation: <strong>Rafael Evangelista<\/strong> \u2013 CGI.br\/Unicamp, Brasil<\/p><p>Speakers:<\/p><ul><li><strong>Gildo Macie \u2013 <\/strong>ECA, Mo\u00e7ambique<\/li><li><strong>Gilvan Muller Oliveira<\/strong> \u2013 C\u00e1tedra UNESCO\/UFSC, Brasil<\/li><li><strong>Zenaida \u00c9vora Tavares<\/strong> \u2013 Universidade de Santiago, Cabo Verde<\/li><\/ul><\/div>\n\t\t\t\t\t\t\t<\/div>\n\t\t<\/div>\n\t\t\t\t\t\t<\/div>\n\t\t\t\t<\/div>\n\t\t\t\t\t<\/div>\n\t\t<\/div>\n\t\t\t\t<div class=\"elementor-column elementor-col-50 elementor-top-column elementor-element elementor-element-924de8a\" data-id=\"924de8a\" data-element_type=\"column\" data-e-type=\"column\">\n\t\t\t<div class=\"elementor-widget-wrap elementor-element-populated\">\n\t\t\t\t\t\t<div class=\"elementor-element elementor-element-d5a9eab elementor-widget__width-auto elementor-widget elementor-widget-text-editor\" data-id=\"d5a9eab\" data-element_type=\"widget\" data-e-type=\"widget\" data-widget_type=\"text-editor.default\">\n\t\t\t\t<div class=\"elementor-widget-container\">\n\t\t\t\t\t\t\t\t\t<p><span style=\"color: #ffffff;\">_<\/span><\/p>\t\t\t\t\t\t\t\t<\/div>\n\t\t\t\t<\/div>\n\t\t\t\t<div class=\"elementor-element elementor-element-77b02f8 elementor-widget elementor-widget-heading\" data-id=\"77b02f8\" data-element_type=\"widget\" data-e-type=\"widget\" data-widget_type=\"heading.default\">\n\t\t\t\t<div class=\"elementor-widget-container\">\n\t\t\t\t\t<h2 class=\"elementor-heading-title elementor-size-default\">Block 2 - Artificial Intelligence and Sustainable Development in Lusophony<\/h2>\t\t\t\t<\/div>\n\t\t\t\t<\/div>\n\t\t\t\t<div class=\"elementor-element elementor-element-6e4f3b3 elementor-tabs-view-horizontal elementor-widget elementor-widget-tabs\" data-id=\"6e4f3b3\" data-element_type=\"widget\" data-e-type=\"widget\" data-widget_type=\"tabs.default\">\n\t\t\t\t<div class=\"elementor-widget-container\">\n\t\t\t\t\t\t\t<div class=\"elementor-tabs\">\n\t\t\t<div class=\"elementor-tabs-wrapper\" role=\"tablist\" >\n\t\t\t\t\t\t\t\t\t<div id=\"elementor-tab-title-1151\" class=\"elementor-tab-title elementor-tab-desktop-title\" aria-selected=\"true\" data-tab=\"1\" role=\"tab\" tabindex=\"0\" aria-controls=\"elementor-tab-content-1151\" aria-expanded=\"false\">Panel 3<\/div>\n\t\t\t\t\t\t\t\t\t<div id=\"elementor-tab-title-1152\" class=\"elementor-tab-title elementor-tab-desktop-title\" aria-selected=\"false\" data-tab=\"2\" role=\"tab\" tabindex=\"-1\" aria-controls=\"elementor-tab-content-1152\" aria-expanded=\"false\">Panel 4<\/div>\n\t\t\t\t\t\t\t<\/div>\n\t\t\t<div class=\"elementor-tabs-content-wrapper\" role=\"tablist\" aria-orientation=\"vertical\">\n\t\t\t\t\t\t\t\t\t<div class=\"elementor-tab-title elementor-tab-mobile-title\" aria-selected=\"true\" data-tab=\"1\" role=\"tab\" tabindex=\"0\" aria-controls=\"elementor-tab-content-1151\" aria-expanded=\"false\">Panel 3<\/div>\n\t\t\t\t\t<div id=\"elementor-tab-content-1151\" class=\"elementor-tab-content elementor-clearfix\" data-tab=\"1\" role=\"tabpanel\" aria-labelledby=\"elementor-tab-title-1151\" tabindex=\"0\" hidden=\"false\"><p>14h40 &#8211; 16h00<\/p><p><strong>Artificial Intelligence as a Tool for Achieving Sustainable Development in Lusophony<\/strong><\/p><p>This panel will explore AI use cases applied to priority sectors such as education, healthcare, agriculture, and public administration, highlighting the social and economic benefits of emerging technologies.<\/p><p><span style=\"color: #99ccff;\">_______<\/span><\/p><p>Moderation: <strong>Bianca Kremer<\/strong> \u2013 CGI.br, Brasil<\/p><p>Speakers:<\/p><ul><li><strong>Diogo Cortiz <\/strong>\u2013 NIC.br, Brasil<\/li><li><strong>Jo\u00e3o Vembane<\/strong><strong>\u00a0<\/strong>\u2013 UNESCO Mo\u00e7ambique, Na\u00e7\u00f5es Unidas<\/li><li><strong>Lu\u00eds Neves <\/strong>\u2013 CIUEM, Mo\u00e7ambique<\/li><li><strong>Marcelo Fornazin \u2013 <\/strong>CGI.br, Brasil<\/li><li><strong>Sandra Fazenda Almeida<\/strong> \u2013 APDC, Portugal<\/li><li><strong>Vitor Guerra<\/strong> \u2013 AMPETIC, Mo\u00e7ambique<\/li><\/ul><\/div>\n\t\t\t\t\t\t\t\t\t<div class=\"elementor-tab-title elementor-tab-mobile-title\" aria-selected=\"false\" data-tab=\"2\" role=\"tab\" tabindex=\"-1\" aria-controls=\"elementor-tab-content-1152\" aria-expanded=\"false\">Panel 4<\/div>\n\t\t\t\t\t<div id=\"elementor-tab-content-1152\" class=\"elementor-tab-content elementor-clearfix\" data-tab=\"2\" role=\"tabpanel\" aria-labelledby=\"elementor-tab-title-1152\" tabindex=\"0\" hidden=\"hidden\"><p>16h30 &#8211; 18h00<\/p><p><strong>Establishing Lusophone Artificial Intelligence Governance: Challenges and Opportunities<\/strong><\/p><p>The creation of an ethical, participatory and multilateral governance model for AI in the Portuguese-speaking world will be discussed, based on international standards, respect for human rights and cooperation between member countries.<\/p><p><span style=\"color: #99ccff;\">_______<\/span><\/p><p>Moderation: <strong>Silaide Mutemba<\/strong> \u2013 MISA Mo\u00e7ambique<\/p><p>Speakers:<\/p><ul><li><strong>Cleonice Moreira<\/strong> \u2013 UNICV, Cabo Verde<\/li><li><strong>Constantino Sotomane<\/strong> \u2013 INTIC, IP, Mo\u00e7ambique<\/li><li><span data-teams=\"true\"><strong>Guilherme Canela<\/strong> \u2013 UNESCO<\/span><\/li><li><strong>Lu\u00eds Alexandre Reali Costa<\/strong> \u2013 OBIA, Brasil<\/li><li><strong>Sandra Maximiano<\/strong> \u2013 ANACOM,\u00a0Portugal<\/li><\/ul><\/div>\n\t\t\t\t\t\t\t<\/div>\n\t\t<\/div>\n\t\t\t\t\t\t<\/div>\n\t\t\t\t<\/div>\n\t\t\t\t\t<\/div>\n\t\t<\/div>\n\t\t\t\t\t<\/div>\n\t\t<\/section>\n\t\t\t\t<section class=\"elementor-section elementor-top-section elementor-element elementor-element-dd00d16 elementor-section-full_width elementor-hidden-desktop elementor-hidden-tablet elementor-hidden-mobile elementor-section-height-default elementor-section-height-default\" data-id=\"dd00d16\" data-element_type=\"section\" data-e-type=\"section\">\n\t\t\t\t\t\t<div class=\"elementor-container elementor-column-gap-default\">\n\t\t\t\t\t<div class=\"elementor-column elementor-col-50 elementor-top-column elementor-element elementor-element-66f45c9\" data-id=\"66f45c9\" data-element_type=\"column\" data-e-type=\"column\">\n\t\t\t<div class=\"elementor-widget-wrap elementor-element-populated\">\n\t\t\t\t\t\t<div class=\"elementor-element elementor-element-f4b7ba8 elementor-widget__width-auto elementor-widget elementor-widget-text-editor\" data-id=\"f4b7ba8\" data-element_type=\"widget\" data-e-type=\"widget\" data-widget_type=\"text-editor.default\">\n\t\t\t\t<div class=\"elementor-widget-container\">\n\t\t\t\t\t\t\t\t\t<p>September 23<\/p>\t\t\t\t\t\t\t\t<\/div>\n\t\t\t\t<\/div>\n\t\t\t\t<div class=\"elementor-element elementor-element-910405d elementor-widget elementor-widget-heading\" data-id=\"910405d\" data-element_type=\"widget\" data-e-type=\"widget\" data-widget_type=\"heading.default\">\n\t\t\t\t<div class=\"elementor-widget-container\">\n\t\t\t\t\t<h2 class=\"elementor-heading-title elementor-size-default\">Bloco 3 - Infraestruturas Digitais Seguras e Confi\u00e1veis<\/h2>\t\t\t\t<\/div>\n\t\t\t\t<\/div>\n\t\t\t\t<div class=\"elementor-element elementor-element-dba9477 elementor-tabs-view-horizontal elementor-widget elementor-widget-tabs\" data-id=\"dba9477\" data-element_type=\"widget\" data-e-type=\"widget\" data-widget_type=\"tabs.default\">\n\t\t\t\t<div class=\"elementor-widget-container\">\n\t\t\t\t\t\t\t<div class=\"elementor-tabs\">\n\t\t\t<div class=\"elementor-tabs-wrapper\" role=\"tablist\" >\n\t\t\t\t\t\t\t\t\t<div id=\"elementor-tab-title-2301\" class=\"elementor-tab-title elementor-tab-desktop-title\" aria-selected=\"true\" data-tab=\"1\" role=\"tab\" tabindex=\"0\" aria-controls=\"elementor-tab-content-2301\" aria-expanded=\"false\">Panel 5<\/div>\n\t\t\t\t\t\t\t\t\t<div id=\"elementor-tab-title-2302\" class=\"elementor-tab-title elementor-tab-desktop-title\" aria-selected=\"false\" data-tab=\"2\" role=\"tab\" tabindex=\"-1\" aria-controls=\"elementor-tab-content-2302\" aria-expanded=\"false\">Panel 6<\/div>\n\t\t\t\t\t\t\t<\/div>\n\t\t\t<div class=\"elementor-tabs-content-wrapper\" role=\"tablist\" aria-orientation=\"vertical\">\n\t\t\t\t\t\t\t\t\t<div class=\"elementor-tab-title elementor-tab-mobile-title\" aria-selected=\"true\" data-tab=\"1\" role=\"tab\" tabindex=\"0\" aria-controls=\"elementor-tab-content-2301\" aria-expanded=\"false\">Panel 5<\/div>\n\t\t\t\t\t<div id=\"elementor-tab-content-2301\" class=\"elementor-tab-content elementor-clearfix\" data-tab=\"1\" role=\"tabpanel\" aria-labelledby=\"elementor-tab-title-2301\" tabindex=\"0\" hidden=\"false\"><p>09h00 &#8211; 10h30<\/p><p><strong>Cybersecurity, Data Protection, and Cybercrime: Good Practices and Cooperation among Portuguese-Speaking Countries<\/strong><\/p><p>This panel will highlight public policies, legal and regulatory frameworks, and international cooperation mechanisms focused on Cybersecurity, Privacy and Data Protection, and the prevention and combat of cybercrimes, with an emphasis on institutional capacity building and trust-building among States.<\/p><p><span style=\"color: #99ccff;\">_______<\/span><\/p><p>Moderation: <strong>Marta Moreira Dias<\/strong>, .PT\/LusNIC, Portugal<\/p><p>Speakers:<\/p><ul><li><strong>Andr\u00e9 Pedro<\/strong> \u2013 INFOSI, Angola<\/li><li><strong>Jo\u00e3o Tomar<\/strong>\u2013 ARME, Cabo Verde<\/li><li><strong>Lino Santos<\/strong> \u2013 CNCS, Portugal<\/li><li><strong>Lourino Chemane<\/strong> \u2013 INTIC, IP, Mo\u00e7ambique<\/li><li><strong>Maria C\u00e2ndida Oliveira<\/strong> \u2013CNPD, Portugal<\/li><li><strong>Rodolfo Avelino<\/strong> \u2013 CGI.br, Brasil<\/li><\/ul><\/div>\n\t\t\t\t\t\t\t\t\t<div class=\"elementor-tab-title elementor-tab-mobile-title\" aria-selected=\"false\" data-tab=\"2\" role=\"tab\" tabindex=\"-1\" aria-controls=\"elementor-tab-content-2302\" aria-expanded=\"false\">Panel 6<\/div>\n\t\t\t\t\t<div id=\"elementor-tab-content-2302\" class=\"elementor-tab-content elementor-clearfix\" data-tab=\"2\" role=\"tabpanel\" aria-labelledby=\"elementor-tab-title-2302\" tabindex=\"0\" hidden=\"hidden\"><p>11h10 &#8211; 12h30<\/p><p><strong>Digital Identity and Interoperability as Catalysts for Digital Transformation: Sharing Good Practices and Cooperation Possibilities<\/strong><\/p><p>The role of Digital Identity as a facilitator of access to digital public and private services will be discussed, as well as the technical challenges and the legal and regulatory framework to ensure Interoperability between National Information Systems, promoting synergies in the Lusophone space in Digital Transformation initiatives, in particular those linked to improving effectiveness and efficiency in the provision of digital services.<\/p><p><span style=\"color: #99ccff;\">_______<\/span><\/p><p>Moderation: <span data-teams=\"true\"><strong>Manuel Costa Cabral <\/strong>&#8211; ANACOM, Portugal<\/span><\/p><p>Speakers:<\/p><ul><li><strong>Delfina Soares<\/strong> \u2013 UNU-EGOV&#8217;s, Portugal<\/li><li><span data-teams=\"true\"><strong>Laisse Mucavele<\/strong> \u2013 INTIC, IP, Mo\u00e7ambique<\/span><\/li><li><strong>Luanna Roncaratti<\/strong> \u2013 Secretaria Adjunta de Governo Digital, Brasil<\/li><li><strong>Manuel Ant\u00f3nio dos Santos<\/strong> \u2013 CEDSIF, Mo\u00e7ambique<\/li><\/ul><\/div>\n\t\t\t\t\t\t\t<\/div>\n\t\t<\/div>\n\t\t\t\t\t\t<\/div>\n\t\t\t\t<\/div>\n\t\t\t\t\t<\/div>\n\t\t<\/div>\n\t\t\t\t<div class=\"elementor-column elementor-col-50 elementor-top-column elementor-element elementor-element-8de0852\" data-id=\"8de0852\" data-element_type=\"column\" data-e-type=\"column\">\n\t\t\t<div class=\"elementor-widget-wrap elementor-element-populated\">\n\t\t\t\t\t\t<div class=\"elementor-element elementor-element-4ab6f6b elementor-widget__width-auto elementor-widget elementor-widget-text-editor\" data-id=\"4ab6f6b\" data-element_type=\"widget\" data-e-type=\"widget\" data-widget_type=\"text-editor.default\">\n\t\t\t\t<div class=\"elementor-widget-container\">\n\t\t\t\t\t\t\t\t\t<p><span style=\"color: #ffffff;\">_<\/span><\/p>\t\t\t\t\t\t\t\t<\/div>\n\t\t\t\t<\/div>\n\t\t\t\t<div class=\"elementor-element elementor-element-58e3b02 elementor-widget elementor-widget-heading\" data-id=\"58e3b02\" data-element_type=\"widget\" data-e-type=\"widget\" data-widget_type=\"heading.default\">\n\t\t\t\t<div class=\"elementor-widget-container\">\n\t\t\t\t\t<h2 class=\"elementor-heading-title elementor-size-default\">Bloco 4 - Economia Digital, Inova\u00e7\u00e3o e Governa\u00e7\u00e3o Colaborativa<\/h2>\t\t\t\t<\/div>\n\t\t\t\t<\/div>\n\t\t\t\t<div class=\"elementor-element elementor-element-15e2672 elementor-tabs-view-horizontal elementor-widget elementor-widget-tabs\" data-id=\"15e2672\" data-element_type=\"widget\" data-e-type=\"widget\" data-widget_type=\"tabs.default\">\n\t\t\t\t<div class=\"elementor-widget-container\">\n\t\t\t\t\t\t\t<div class=\"elementor-tabs\">\n\t\t\t<div class=\"elementor-tabs-wrapper\" role=\"tablist\" >\n\t\t\t\t\t\t\t\t\t<div id=\"elementor-tab-title-2291\" class=\"elementor-tab-title elementor-tab-desktop-title\" aria-selected=\"true\" data-tab=\"1\" role=\"tab\" tabindex=\"0\" aria-controls=\"elementor-tab-content-2291\" aria-expanded=\"false\">Panel 7<\/div>\n\t\t\t\t\t\t\t\t\t<div id=\"elementor-tab-title-2292\" class=\"elementor-tab-title elementor-tab-desktop-title\" aria-selected=\"false\" data-tab=\"2\" role=\"tab\" tabindex=\"-1\" aria-controls=\"elementor-tab-content-2292\" aria-expanded=\"false\">Painel 8<\/div>\n\t\t\t\t\t\t\t\t\t<div id=\"elementor-tab-title-2293\" class=\"elementor-tab-title elementor-tab-desktop-title\" aria-selected=\"false\" data-tab=\"3\" role=\"tab\" tabindex=\"-1\" aria-controls=\"elementor-tab-content-2293\" aria-expanded=\"false\">Encerramento<\/div>\n\t\t\t\t\t\t\t<\/div>\n\t\t\t<div class=\"elementor-tabs-content-wrapper\" role=\"tablist\" aria-orientation=\"vertical\">\n\t\t\t\t\t\t\t\t\t<div class=\"elementor-tab-title elementor-tab-mobile-title\" aria-selected=\"true\" data-tab=\"1\" role=\"tab\" tabindex=\"0\" aria-controls=\"elementor-tab-content-2291\" aria-expanded=\"false\">Panel 7<\/div>\n\t\t\t\t\t<div id=\"elementor-tab-content-2291\" class=\"elementor-tab-content elementor-clearfix\" data-tab=\"1\" role=\"tabpanel\" aria-labelledby=\"elementor-tab-title-2291\" tabindex=\"0\" hidden=\"false\"><p>13h30 &#8211; 15h00<\/p><p><strong>Digital Economy and Innovation: Driving Economic Development through Digital Technologies<\/strong><\/p><p>This panel will present national and regional policies to foster digital entrepreneurship, the creation of startups, the digitalization of micro, small, and medium-sized enterprises (MSMEs), and the modernization of economies through technological innovation. The role of ccTLDs in developing national initiatives to support the entrepreneurial ecosystem will be particularly highlighted, empowering them and providing them with tools to access digital technologies and their potential. The panel will also assess the potential impact of global geopolitical developments on this ecosystem and the measures to be adopted to mitigate them, if necessary.<\/p><p><span style=\"color: #99ccff;\">_______<\/span><\/p><p>Moderation: <strong>Andreia de Brito<\/strong>, .PT, Portugal<\/p><p><strong>Ant\u00f3nio Branco<\/strong> \u2013 Universidade de Lisboa, Portugal<\/p><p>Speakers:<\/p><ul><li><strong>Ad\u00e9rito Pilica<\/strong> \u2013 Banco de Mo\u00e7ambique<\/li><li><strong>Alexandre Nilo Fonseca<\/strong> \u2013 ACEPI, Portugal<\/li><li><strong>Fernanda K Martins<\/strong> &#8211; Funda\u00e7\u00e3o Multitudes, Brasil<\/li><li><span data-teams=\"true\"><strong>Jo\u00e3o Pita Costa<\/strong> \u2013 UNESCO, IRCAI<\/span><\/li><li><strong>Jos\u00e9 Casinha<\/strong> \u2013 .PT, Portugal<\/li><li><strong>Lucilene Gomes<\/strong> \u2013 Universidade de Santiago, Cabo Verde<\/li><\/ul><\/div>\n\t\t\t\t\t\t\t\t\t<div class=\"elementor-tab-title elementor-tab-mobile-title\" aria-selected=\"false\" data-tab=\"2\" role=\"tab\" tabindex=\"-1\" aria-controls=\"elementor-tab-content-2292\" aria-expanded=\"false\">Painel 8<\/div>\n\t\t\t\t\t<div id=\"elementor-tab-content-2292\" class=\"elementor-tab-content elementor-clearfix\" data-tab=\"2\" role=\"tabpanel\" aria-labelledby=\"elementor-tab-title-2292\" tabindex=\"0\" hidden=\"hidden\"><p>15h10 &#8211; 16h30<\/p><p><strong>Multistakeholder Participation in Internet Governance: Strengthening Collaboration among Governments, Civil Society, the Technical Community, Academia, and the Private Sector<\/strong><\/p><p>The importance of inclusive Internet governance models will be discussed, with the participation of multiple stakeholders, particularly those from the private and public sectors, academia, civil society, and the technical community. The panel will also focus on the African continent and the important role of young people. The panel will aim to formulate sustainable digital policies that address the concerns and interests of all segments of society, particularly young people and women, and are adapted to the realities of each Portuguese-speaking country. This panel will also address the potential synergies and impacts of ongoing processes such as the Pacto do Futuro, NET-mundial+10, and WSIS+20, in achieving the objectives of the Lusophone Internet Governance Forum.<\/p><p><span style=\"color: #99ccff;\">_______<\/span><\/p><p>Moderation: <strong>Bia Barbosa<\/strong> &#8211; CGI.br, Brasil<\/p><p>Speakers:<\/p><ul><li><strong>Ana Cristina Neves<\/strong> \u2013 FCT\/FCCN, Portugal<\/li><li><strong>Cl\u00e1udia Mendes Silva<\/strong> \u2013 Women in Tech\/Siemens, Portugal<\/li><li><strong>Eug\u00e9nio Macumbe<\/strong> \u2013 INTIC, IP, Mo\u00e7ambique<\/li><li><strong>Gisela In\u00e1cio<\/strong> &#8211; MINTTICS, Angola<\/li><li><strong>Renata Mielli<\/strong> \u2013 CGI.br\/MCTI, Brasil<\/li><li><strong>Suzete Centeio Pereira<\/strong> \u2013 ARME, Cabo Verde<\/li><\/ul><\/div>\n\t\t\t\t\t\t\t\t\t<div class=\"elementor-tab-title elementor-tab-mobile-title\" aria-selected=\"false\" data-tab=\"3\" role=\"tab\" tabindex=\"-1\" aria-controls=\"elementor-tab-content-2293\" aria-expanded=\"false\">Encerramento<\/div>\n\t\t\t\t\t<div id=\"elementor-tab-content-2293\" class=\"elementor-tab-content elementor-clearfix\" data-tab=\"3\" role=\"tabpanel\" aria-labelledby=\"elementor-tab-title-2293\" tabindex=\"0\" hidden=\"hidden\"><p>16h30 &#8211; 17h10<\/p><p><span style=\"color: #99ccff;\">_______<\/span><\/p><ul><li><strong>Alexander Gentil<\/strong> <strong>\u2013 <\/strong><span data-teams=\"true\">AGER, S\u00e3o Tom\u00e9 e Pr\u00edncipe<\/span><\/li><li><strong>Andr\u00e9 Pedro<\/strong> \u2013 INFOSI, Angola<\/li><li><strong>Jo\u00e3o Tomar<\/strong> &#8211; ARME, Cabo Verde<\/li><li><strong>Luisa Ribeiro Lopes<\/strong> &#8211; .PT, Portugal<\/li><li><strong>Rafael Evangelista<\/strong> \u2013 CGI.br\/Unicamp, Brasil<\/li><li><strong>Closing Remarks<\/strong> by <strong>Exmo. Senhor Lourino Chemane<\/strong> \u2013 INTIC, IP, Mo\u00e7ambique<\/li><\/ul><p>17h10 &#8211; 17h20,<strong> A moment to read Maputo's Letter<\/strong><\/p><\/div>\n\t\t\t\t\t\t\t<\/div>\n\t\t<\/div>\n\t\t\t\t\t\t<\/div>\n\t\t\t\t<\/div>\n\t\t\t\t\t<\/div>\n\t\t<\/div>\n\t\t\t\t\t<\/div>\n\t\t<\/section>\n\t\t\t\t<\/div>","protected":false},"excerpt":{"rendered":"<p>Reportagem dispon\u00edvel brevemente Ver aqui 3\u00ba F\u00f3rum Lus\u00f3fono da Governa\u00e7\u00e3o da Internet Nos dias 22 e 23 de setembro decorreu o 3\u00ba F\u00f3rum de Governa\u00e7\u00e3o da Internet da Comunidade Lus\u00f3fona, no Centro Internacional de Confer\u00eancias Joaquim Chissano em Maputo, Mo\u00e7ambique. Tendo dialogado e debatido sobre as m\u00faltiplas intera\u00e7\u00f5es da l\u00edngua portuguesa nos desenvolvimentos, usos e [&hellip;]<\/p>\n","protected":false},"author":2,"featured_media":0,"parent":0,"menu_order":0,"comment_status":"closed","ping_status":"closed","template":"","meta":{"footnotes":""},"class_list":["post-2813","page","type-page","status-publish","hentry"],"yoast_head":"<!-- This site is optimized with the Yoast SEO plugin v27.4 - https:\/\/yoast.com\/product\/yoast-seo-wordpress\/ -->\n<title>2025 - IGF<\/title>\n<meta name=\"robots\" content=\"index, follow, max-snippet:-1, max-image-preview:large, max-video-preview:-1\" \/>\n<link rel=\"canonical\" href=\"https:\/\/igf-lusofonia.pt\/en\/2025-edicao\/\" \/>\n<meta property=\"og:locale\" content=\"en_GB\" \/>\n<meta property=\"og:type\" content=\"article\" \/>\n<meta property=\"og:title\" content=\"2025 - IGF\" \/>\n<meta property=\"og:description\" content=\"Reportagem dispon\u00edvel brevemente Ver aqui 3\u00ba F\u00f3rum Lus\u00f3fono da Governa\u00e7\u00e3o da Internet Nos dias 22 e 23 de setembro decorreu o 3\u00ba F\u00f3rum de Governa\u00e7\u00e3o da Internet da Comunidade Lus\u00f3fona, no Centro Internacional de Confer\u00eancias Joaquim Chissano em Maputo, Mo\u00e7ambique. Tendo dialogado e debatido sobre as m\u00faltiplas intera\u00e7\u00f5es da l\u00edngua portuguesa nos desenvolvimentos, usos e [&hellip;]\" \/>\n<meta property=\"og:url\" content=\"https:\/\/igf-lusofonia.pt\/en\/2025-edicao\/\" \/>\n<meta property=\"og:site_name\" content=\"IGF\" \/>\n<meta property=\"article:modified_time\" content=\"2025-09-29T14:47:25+00:00\" \/>\n<meta property=\"og:image\" content=\"https:\/\/igf-lusofonia.pt\/wp-content\/uploads\/2025\/09\/Edicao-2025-IMG01.png\" \/>\n<meta name=\"twitter:card\" content=\"summary_large_image\" \/>\n<meta name=\"twitter:label1\" content=\"Estimated reading time\" \/>\n\t<meta name=\"twitter:data1\" content=\"13 minutes\" \/>\n<script type=\"application\/ld+json\" class=\"yoast-schema-graph\">{\"@context\":\"https:\\\/\\\/schema.org\",\"@graph\":[{\"@type\":\"WebPage\",\"@id\":\"https:\\\/\\\/igf-lusofonia.pt\\\/2025-edicao\\\/\",\"url\":\"https:\\\/\\\/igf-lusofonia.pt\\\/2025-edicao\\\/\",\"name\":\"2025 - IGF\",\"isPartOf\":{\"@id\":\"https:\\\/\\\/igf-lusofonia.pt\\\/#website\"},\"primaryImageOfPage\":{\"@id\":\"https:\\\/\\\/igf-lusofonia.pt\\\/2025-edicao\\\/#primaryimage\"},\"image\":{\"@id\":\"https:\\\/\\\/igf-lusofonia.pt\\\/2025-edicao\\\/#primaryimage\"},\"thumbnailUrl\":\"https:\\\/\\\/igf-lusofonia.pt\\\/wp-content\\\/uploads\\\/2025\\\/09\\\/Edicao-2025-IMG01.png\",\"datePublished\":\"2025-07-14T13:57:50+00:00\",\"dateModified\":\"2025-09-29T14:47:25+00:00\",\"breadcrumb\":{\"@id\":\"https:\\\/\\\/igf-lusofonia.pt\\\/2025-edicao\\\/#breadcrumb\"},\"inLanguage\":\"en-GB\",\"potentialAction\":[{\"@type\":\"ReadAction\",\"target\":[\"https:\\\/\\\/igf-lusofonia.pt\\\/2025-edicao\\\/\"]}]},{\"@type\":\"ImageObject\",\"inLanguage\":\"en-GB\",\"@id\":\"https:\\\/\\\/igf-lusofonia.pt\\\/2025-edicao\\\/#primaryimage\",\"url\":\"https:\\\/\\\/igf-lusofonia.pt\\\/wp-content\\\/uploads\\\/2025\\\/09\\\/Edicao-2025-IMG01.png\",\"contentUrl\":\"https:\\\/\\\/igf-lusofonia.pt\\\/wp-content\\\/uploads\\\/2025\\\/09\\\/Edicao-2025-IMG01.png\"},{\"@type\":\"BreadcrumbList\",\"@id\":\"https:\\\/\\\/igf-lusofonia.pt\\\/2025-edicao\\\/#breadcrumb\",\"itemListElement\":[{\"@type\":\"ListItem\",\"position\":1,\"name\":\"Home\",\"item\":\"https:\\\/\\\/igf-lusofonia.pt\\\/\"},{\"@type\":\"ListItem\",\"position\":2,\"name\":\"2025\"}]},{\"@type\":\"WebSite\",\"@id\":\"https:\\\/\\\/igf-lusofonia.pt\\\/#website\",\"url\":\"https:\\\/\\\/igf-lusofonia.pt\\\/\",\"name\":\"FLGI\",\"description\":\"Iniciativa no \u00e2mbito do IGF que envolve o di\u00e1logo sobre as interfaces \u00e9tnico-culturais e t\u00e9cnico-instrumentais de uma Internet que fala L\u00edngua Portuguesa.\",\"publisher\":{\"@id\":\"https:\\\/\\\/igf-lusofonia.pt\\\/#organization\"},\"alternateName\":\"IGF Lus\u00f3fono\",\"potentialAction\":[{\"@type\":\"SearchAction\",\"target\":{\"@type\":\"EntryPoint\",\"urlTemplate\":\"https:\\\/\\\/igf-lusofonia.pt\\\/?s={search_term_string}\"},\"query-input\":{\"@type\":\"PropertyValueSpecification\",\"valueRequired\":true,\"valueName\":\"search_term_string\"}}],\"inLanguage\":\"en-GB\"},{\"@type\":\"Organization\",\"@id\":\"https:\\\/\\\/igf-lusofonia.pt\\\/#organization\",\"name\":\"F\u00f3rum Lus\u00f3fono da Governa\u00e7\u00e3o da Internet\",\"url\":\"https:\\\/\\\/igf-lusofonia.pt\\\/\",\"logo\":{\"@type\":\"ImageObject\",\"inLanguage\":\"en-GB\",\"@id\":\"https:\\\/\\\/igf-lusofonia.pt\\\/#\\\/schema\\\/logo\\\/image\\\/\",\"url\":\"https:\\\/\\\/igf-lusofonia.pt\\\/wp-content\\\/uploads\\\/2023\\\/11\\\/Logotipo-sem-ano.png\",\"contentUrl\":\"https:\\\/\\\/igf-lusofonia.pt\\\/wp-content\\\/uploads\\\/2023\\\/11\\\/Logotipo-sem-ano.png\",\"width\":1408,\"height\":864,\"caption\":\"F\u00f3rum Lus\u00f3fono da Governa\u00e7\u00e3o da Internet\"},\"image\":{\"@id\":\"https:\\\/\\\/igf-lusofonia.pt\\\/#\\\/schema\\\/logo\\\/image\\\/\"}}]}<\/script>\n<!-- \/ Yoast SEO plugin. -->","yoast_head_json":{"title":"2025 - IGF","robots":{"index":"index","follow":"follow","max-snippet":"max-snippet:-1","max-image-preview":"max-image-preview:large","max-video-preview":"max-video-preview:-1"},"canonical":"https:\/\/igf-lusofonia.pt\/en\/2025-edicao\/","og_locale":"en_GB","og_type":"article","og_title":"2025 - IGF","og_description":"Reportagem dispon\u00edvel brevemente Ver aqui 3\u00ba F\u00f3rum Lus\u00f3fono da Governa\u00e7\u00e3o da Internet Nos dias 22 e 23 de setembro decorreu o 3\u00ba F\u00f3rum de Governa\u00e7\u00e3o da Internet da Comunidade Lus\u00f3fona, no Centro Internacional de Confer\u00eancias Joaquim Chissano em Maputo, Mo\u00e7ambique. Tendo dialogado e debatido sobre as m\u00faltiplas intera\u00e7\u00f5es da l\u00edngua portuguesa nos desenvolvimentos, usos e [&hellip;]","og_url":"https:\/\/igf-lusofonia.pt\/en\/2025-edicao\/","og_site_name":"IGF","article_modified_time":"2025-09-29T14:47:25+00:00","og_image":[{"url":"https:\/\/igf-lusofonia.pt\/wp-content\/uploads\/2025\/09\/Edicao-2025-IMG01.png","type":"","width":"","height":""}],"twitter_card":"summary_large_image","twitter_misc":{"Estimated reading time":"13 minutes"},"schema":{"@context":"https:\/\/schema.org","@graph":[{"@type":"WebPage","@id":"https:\/\/igf-lusofonia.pt\/2025-edicao\/","url":"https:\/\/igf-lusofonia.pt\/2025-edicao\/","name":"2025 - IGF","isPartOf":{"@id":"https:\/\/igf-lusofonia.pt\/#website"},"primaryImageOfPage":{"@id":"https:\/\/igf-lusofonia.pt\/2025-edicao\/#primaryimage"},"image":{"@id":"https:\/\/igf-lusofonia.pt\/2025-edicao\/#primaryimage"},"thumbnailUrl":"https:\/\/igf-lusofonia.pt\/wp-content\/uploads\/2025\/09\/Edicao-2025-IMG01.png","datePublished":"2025-07-14T13:57:50+00:00","dateModified":"2025-09-29T14:47:25+00:00","breadcrumb":{"@id":"https:\/\/igf-lusofonia.pt\/2025-edicao\/#breadcrumb"},"inLanguage":"en-GB","potentialAction":[{"@type":"ReadAction","target":["https:\/\/igf-lusofonia.pt\/2025-edicao\/"]}]},{"@type":"ImageObject","inLanguage":"en-GB","@id":"https:\/\/igf-lusofonia.pt\/2025-edicao\/#primaryimage","url":"https:\/\/igf-lusofonia.pt\/wp-content\/uploads\/2025\/09\/Edicao-2025-IMG01.png","contentUrl":"https:\/\/igf-lusofonia.pt\/wp-content\/uploads\/2025\/09\/Edicao-2025-IMG01.png"},{"@type":"BreadcrumbList","@id":"https:\/\/igf-lusofonia.pt\/2025-edicao\/#breadcrumb","itemListElement":[{"@type":"ListItem","position":1,"name":"Home","item":"https:\/\/igf-lusofonia.pt\/"},{"@type":"ListItem","position":2,"name":"2025"}]},{"@type":"WebSite","@id":"https:\/\/igf-lusofonia.pt\/#website","url":"https:\/\/igf-lusofonia.pt\/","name":"FLGI","description":"Iniciativa no \u00e2mbito do IGF que envolve o di\u00e1logo sobre as interfaces \u00e9tnico-culturais e t\u00e9cnico-instrumentais de uma Internet que fala L\u00edngua Portuguesa.","publisher":{"@id":"https:\/\/igf-lusofonia.pt\/#organization"},"alternateName":"IGF Lus\u00f3fono","potentialAction":[{"@type":"SearchAction","target":{"@type":"EntryPoint","urlTemplate":"https:\/\/igf-lusofonia.pt\/?s={search_term_string}"},"query-input":{"@type":"PropertyValueSpecification","valueRequired":true,"valueName":"search_term_string"}}],"inLanguage":"en-GB"},{"@type":"Organization","@id":"https:\/\/igf-lusofonia.pt\/#organization","name":"Lusophone Internet Governance Forum","url":"https:\/\/igf-lusofonia.pt\/","logo":{"@type":"ImageObject","inLanguage":"en-GB","@id":"https:\/\/igf-lusofonia.pt\/#\/schema\/logo\/image\/","url":"https:\/\/igf-lusofonia.pt\/wp-content\/uploads\/2023\/11\/Logotipo-sem-ano.png","contentUrl":"https:\/\/igf-lusofonia.pt\/wp-content\/uploads\/2023\/11\/Logotipo-sem-ano.png","width":1408,"height":864,"caption":"F\u00f3rum Lus\u00f3fono da Governa\u00e7\u00e3o da Internet"},"image":{"@id":"https:\/\/igf-lusofonia.pt\/#\/schema\/logo\/image\/"}}]}},"_links":{"self":[{"href":"https:\/\/igf-lusofonia.pt\/en\/wp-json\/wp\/v2\/pages\/2813","targetHints":{"allow":["GET"]}}],"collection":[{"href":"https:\/\/igf-lusofonia.pt\/en\/wp-json\/wp\/v2\/pages"}],"about":[{"href":"https:\/\/igf-lusofonia.pt\/en\/wp-json\/wp\/v2\/types\/page"}],"author":[{"embeddable":true,"href":"https:\/\/igf-lusofonia.pt\/en\/wp-json\/wp\/v2\/users\/2"}],"replies":[{"embeddable":true,"href":"https:\/\/igf-lusofonia.pt\/en\/wp-json\/wp\/v2\/comments?post=2813"}],"version-history":[{"count":190,"href":"https:\/\/igf-lusofonia.pt\/en\/wp-json\/wp\/v2\/pages\/2813\/revisions"}],"predecessor-version":[{"id":3177,"href":"https:\/\/igf-lusofonia.pt\/en\/wp-json\/wp\/v2\/pages\/2813\/revisions\/3177"}],"wp:attachment":[{"href":"https:\/\/igf-lusofonia.pt\/en\/wp-json\/wp\/v2\/media?parent=2813"}],"curies":[{"name":"wp","href":"https:\/\/api.w.org\/{rel}","templated":true}]}}